{"id":1774,"date":"2025-12-09T14:47:32","date_gmt":"2025-12-09T13:47:32","guid":{"rendered":"https:\/\/regard-sur-mer.com\/?page_id=1774"},"modified":"2025-12-09T14:55:45","modified_gmt":"2025-12-09T13:55:45","slug":"test","status":"publish","type":"page","link":"https:\/\/regard-sur-mer.com\/en\/test\/","title":{"rendered":"test"},"content":{"rendered":"\t\t<div data-elementor-type=\"wp-page\" data-elementor-id=\"1774\" class=\"elementor elementor-1774\" data-elementor-post-type=\"page\">\n\t\t\t\t<div class=\"elementor-element elementor-element-86695b6 e-flex e-con-boxed e-con e-parent\" data-id=\"86695b6\" data-element_type=\"container\" data-e-type=\"container\" data-settings=\"{&quot;background_background&quot;:&quot;classic&quot;}\">\n\t\t\t\t\t<div class=\"e-con-inner\">\n\t\t\t\t<div class=\"elementor-element elementor-element-9b7cf83 exad-sticky-section-no exad-glass-effect-no elementor-widget elementor-widget-heading\" data-id=\"9b7cf83\" data-element_type=\"widget\" data-e-type=\"widget\" data-widget_type=\"heading.default\">\n\t\t\t\t\t<h2 class=\"elementor-heading-title elementor-size-default\">Ajoutez votre titre ici<\/h2>\t\t\t\t<\/div>\n\t\t\t\t<div class=\"elementor-element elementor-element-ee43e38 elementor-grid-3 elementor-grid-tablet-2 elementor-grid-mobile-1 exad-sticky-section-no exad-glass-effect-no elementor-widget elementor-widget-loop-grid\" data-id=\"ee43e38\" data-element_type=\"widget\" data-e-type=\"widget\" data-settings=\"{&quot;template_id&quot;:1798,&quot;_skin&quot;:&quot;post&quot;,&quot;columns&quot;:&quot;3&quot;,&quot;columns_tablet&quot;:&quot;2&quot;,&quot;columns_mobile&quot;:&quot;1&quot;,&quot;edit_handle_selector&quot;:&quot;[data-elementor-type=\\&quot;loop-item\\&quot;]&quot;,&quot;row_gap&quot;:{&quot;unit&quot;:&quot;px&quot;,&quot;size&quot;:&quot;&quot;,&quot;sizes&quot;:[]},&quot;row_gap_tablet&quot;:{&quot;unit&quot;:&quot;px&quot;,&quot;size&quot;:&quot;&quot;,&quot;sizes&quot;:[]},&quot;row_gap_mobile&quot;:{&quot;unit&quot;:&quot;px&quot;,&quot;size&quot;:&quot;&quot;,&quot;sizes&quot;:[]}}\" data-widget_type=\"loop-grid.post\">\n\t\t\t\t<div class=\"elementor-widget-container\">\n\t\t\t\t\t\t\t<div class=\"elementor-loop-container elementor-grid\" role=\"list\">\n\t\t<style id=\"loop-1798\">.elementor-1798 .elementor-element.elementor-element-0bb9f69{--display:flex;--flex-direction:column;--container-widget-width:100%;--container-widget-height:initial;--container-widget-flex-grow:0;--container-widget-align-self:initial;--flex-wrap-mobile:wrap;}.elementor-1798 .elementor-element.elementor-element-da34915 img{width:100%;}.elementor-1798 .elementor-element.elementor-element-d6f7ecf .elementor-icon-list-icon{width:14px;}.elementor-1798 .elementor-element.elementor-element-d6f7ecf .elementor-icon-list-icon i{font-size:14px;}.elementor-1798 .elementor-element.elementor-element-d6f7ecf .elementor-icon-list-icon svg{--e-icon-list-icon-size:14px;}<\/style>\t\t<div data-elementor-type=\"loop-item\" data-elementor-id=\"1798\" class=\"elementor elementor-1798 e-loop-item e-loop-item-1543 post-1543 mphb_room_type type-mphb_room_type status-publish has-post-thumbnail hentry mphb_room_type_category-appartement mphb_room_type_facility-climatisation mphb_room_type_facility-jardin mphb_room_type_facility-micro-ondes mphb_room_type_facility-parking-privatif mphb_room_type_facility-piscine mphb_room_type_facility-tv mphb_room_type_facility-wifi mphb-room-type-adults-8 mphb-room-type-children-3 \" data-elementor-post-type=\"elementor_library\" data-custom-edit-handle=\"1\">\n\t\t\t<div class=\"elementor-element elementor-element-0bb9f69 e-flex e-con-boxed e-con e-parent\" data-id=\"0bb9f69\" data-element_type=\"container\" data-e-type=\"container\">\n\t\t\t\t\t<div class=\"e-con-inner\">\n\t\t\t\t<div class=\"elementor-element elementor-element-da34915 exad-sticky-section-no exad-glass-effect-no elementor-widget elementor-widget-theme-post-featured-image elementor-widget-image\" data-id=\"da34915\" data-element_type=\"widget\" data-e-type=\"widget\" data-widget_type=\"theme-post-featured-image.default\">\n\t\t\t\t\t\t\t\t\t\t\t\t\t\t\t<img loading=\"lazy\" decoding=\"async\" width=\"1278\" height=\"852\" src=\"https:\/\/regard-sur-mer.com\/wp-content\/uploads\/2025\/12\/Vue-plage-piscine-et-mer-1-1.jpg\" class=\"attachment-full size-full wp-image-2355\" alt=\"Appartement de luxe -Vue plage piscine et mer\" srcset=\"https:\/\/regard-sur-mer.com\/wp-content\/uploads\/2025\/12\/Vue-plage-piscine-et-mer-1-1.jpg 1278w, https:\/\/regard-sur-mer.com\/wp-content\/uploads\/2025\/12\/Vue-plage-piscine-et-mer-1-1-300x200.jpg 300w, https:\/\/regard-sur-mer.com\/wp-content\/uploads\/2025\/12\/Vue-plage-piscine-et-mer-1-1-1024x683.jpg 1024w, https:\/\/regard-sur-mer.com\/wp-content\/uploads\/2025\/12\/Vue-plage-piscine-et-mer-1-1-768x512.jpg 768w, https:\/\/regard-sur-mer.com\/wp-content\/uploads\/2025\/12\/Vue-plage-piscine-et-mer-1-1-18x12.jpg 18w, https:\/\/regard-sur-mer.com\/wp-content\/uploads\/2025\/12\/Vue-plage-piscine-et-mer-1-1-450x300.jpg 450w, https:\/\/regard-sur-mer.com\/wp-content\/uploads\/2025\/12\/Vue-plage-piscine-et-mer-1-1-600x400.jpg 600w\" sizes=\"(max-width: 1278px) 100vw, 1278px\" \/>\t\t\t\t\t\t\t\t\t\t\t\t\t\t\t<\/div>\n\t\t\t\t<div class=\"elementor-element elementor-element-dbc620a exad-sticky-section-no exad-glass-effect-no elementor-widget elementor-widget-theme-post-title elementor-page-title elementor-widget-heading\" data-id=\"dbc620a\" data-element_type=\"widget\" data-e-type=\"widget\" data-widget_type=\"theme-post-title.default\">\n\t\t\t\t\t<h1 class=\"elementor-heading-title elementor-size-default\">Appartement class\u00e9 en R\u00e9sidence de tourisme 5*<\/h1>\t\t\t\t<\/div>\n\t\t\t\t<div class=\"elementor-element elementor-element-d49a5f6 exad-sticky-section-no exad-glass-effect-no elementor-widget elementor-widget-theme-post-excerpt\" data-id=\"d49a5f6\" data-element_type=\"widget\" data-e-type=\"widget\" data-widget_type=\"theme-post-excerpt.default\">\n\t\t\t\t\tAppartement de prestige pouvant accueillir jusqu\u2019\u00e0 8 personnes, offrant une superbe vue mer, une piscine privative, un jardin soign\u00e9 et un parking priv\u00e9. Un cadre \u00e9l\u00e9gant et confortable, id\u00e9al pour partager des moments d\u2019exception en famille ou entre amis, au c\u0153ur d\u2019un environnement paisible.\t\t\t\t<\/div>\n\t\t\t\t<div class=\"elementor-element elementor-element-cd6dea4 exad-sticky-section-no exad-glass-effect-no elementor-widget elementor-widget-theme-post-content\" data-id=\"cd6dea4\" data-element_type=\"widget\" data-e-type=\"widget\" data-widget_type=\"theme-post-content.default\">\n\t\t\t\t\t\t\t<div data-elementor-type=\"wp-post\" data-elementor-id=\"1543\" class=\"elementor elementor-1543\" data-elementor-post-type=\"mphb_room_type\">\n\t\t\t\t\t\t<section class=\"elementor-section elementor-top-section elementor-element elementor-element-b83321f elementor-section-content-middle elementor-section-stretched elementor-section-boxed elementor-section-height-default elementor-section-height-default exad-glass-effect-no exad-sticky-section-no\" data-id=\"b83321f\" data-element_type=\"section\" data-e-type=\"section\" data-settings=\"{&quot;stretch_section&quot;:&quot;section-stretched&quot;,&quot;background_background&quot;:&quot;classic&quot;}\">\n\t\t\t\t\t\t\t<div class=\"elementor-background-overlay\"><\/div>\n\t\t\t\t\t\t\t<div class=\"elementor-container elementor-column-gap-no\">\n\t\t\t\t\t<div class=\"elementor-column elementor-col-100 elementor-top-column elementor-element elementor-element-204a44c exad-glass-effect-no exad-sticky-section-no\" data-id=\"204a44c\" data-element_type=\"column\" data-e-type=\"column\">\n\t\t\t<div class=\"elementor-widget-wrap elementor-element-populated\">\n\t\t\t\t\t\t<div class=\"elementor-element elementor-element-a73ba4f exad-sticky-section-no exad-glass-effect-no elementor-widget elementor-widget-mphbe-accommodation-title\" data-id=\"a73ba4f\" data-element_type=\"widget\" data-e-type=\"widget\" data-widget_type=\"mphbe-accommodation-title.default\">\n\t\t\t\t<div class=\"elementor-widget-container\">\n\t\t\t\t\t\n<h1 class=\"mphb-room-type-title entry-title\">\nAppartement class\u00e9 en R\u00e9sidence de tourisme 5*\n<\/h1>\t\t\t\t<\/div>\n\t\t\t\t<\/div>\n\t\t\t\t<div class=\"elementor-element elementor-element-76ca269 exad-sticky-section-no exad-glass-effect-no elementor-widget elementor-widget-ucaddon_blox_line_diamond_seperator\" data-id=\"76ca269\" data-element_type=\"widget\" data-e-type=\"widget\" data-widget_type=\"ucaddon_blox_line_diamond_seperator.default\">\n\t\t\t\t<div class=\"elementor-widget-container\">\n\t\t\t\t\t\n<!-- start Line Diamond Separator -->\n<style>\/* widget: Line Diamond Separator *\/\n\ndiv.sep_diamond {\ncontent: \"\";\nheight: 10px;\nleft: 50%;\nmargin: -5px auto auto -5px;\nposition: absolute;\ntransform: rotate(-45deg);\nwidth: 10px;\n}\ndiv.separator {\nborder-top:1px solid;\nclear: both;\ndisplay:inline-block;\nposition:relative;\n}\n\n<\/style>\n\n<div style=\"text-align:center;\">\n <div class=\"separator\" style=\"border-color:#111316;width:100px;\">\n  <div class=\"sep_diamond\" style=\"background-color:#111316;\"><\/div>\n <\/div>\n<\/div>\n<!-- end Line Diamond Separator -->\t\t\t\t<\/div>\n\t\t\t\t<\/div>\n\t\t\t\t<div class=\"elementor-element elementor-element-d432f8f exad-sticky-section-no exad-glass-effect-no elementor-widget elementor-widget-mphbe-accommodation-price\" data-id=\"d432f8f\" data-element_type=\"widget\" data-e-type=\"widget\" data-widget_type=\"mphbe-accommodation-price.default\">\n\t\t\t\t<div class=\"elementor-widget-container\">\n\t\t\t\t\t\n\n\t<p class=\"mphb-regular-price\"><strong>Prices start at:<\/strong>\n\t<span class=\"mphb-price\">390&nbsp;<span class=\"mphb-currency\">&euro;<\/span><\/span> <span class=\"mphb-price-period\" title=\"Choose dates to see relevant prices\">per night<\/span>\n\t<\/p>\n\t\t\t\t\t<\/div>\n\t\t\t\t<\/div>\n\t\t\t\t<section class=\"elementor-section elementor-inner-section elementor-element elementor-element-3ad1eea elementor-section-boxed elementor-section-height-default elementor-section-height-default exad-glass-effect-no exad-sticky-section-no\" data-id=\"3ad1eea\" data-element_type=\"section\" data-e-type=\"section\">\n\t\t\t\t\t\t<div class=\"elementor-container elementor-column-gap-default\">\n\t\t\t\t\t<div class=\"elementor-column elementor-col-50 elementor-inner-column elementor-element elementor-element-edfb9f4 exad-glass-effect-no exad-sticky-section-no\" data-id=\"edfb9f4\" data-element_type=\"column\" data-e-type=\"column\">\n\t\t\t<div class=\"elementor-widget-wrap elementor-element-populated\">\n\t\t\t\t\t\t<div class=\"elementor-element elementor-element-e4ebf32 exad-sticky-section-no exad-glass-effect-no elementor-widget elementor-widget-mphbe-accommodation-featured-image\" data-id=\"e4ebf32\" data-element_type=\"widget\" data-e-type=\"widget\" data-widget_type=\"mphbe-accommodation-featured-image.default\">\n\t\t\t\t<div class=\"elementor-widget-container\">\n\t\t\t\t\t        <div class=\"mphb-single-room-type-thumbnail\">\n                            <img fetchpriority=\"high\" fetchpriority=\"high\" decoding=\"async\" width=\"1278\" height=\"852\" src=\"https:\/\/regard-sur-mer.com\/wp-content\/uploads\/2025\/12\/Vue-plage-piscine-et-mer-1-1.jpg\" class=\"attachment-full size-full wp-post-image\" alt=\"Appartement de luxe -Vue plage piscine et mer\" title=\"Appartement de luxe -Vue plage piscine et mer\" srcset=\"https:\/\/regard-sur-mer.com\/wp-content\/uploads\/2025\/12\/Vue-plage-piscine-et-mer-1-1.jpg 1278w, https:\/\/regard-sur-mer.com\/wp-content\/uploads\/2025\/12\/Vue-plage-piscine-et-mer-1-1-300x200.jpg 300w, https:\/\/regard-sur-mer.com\/wp-content\/uploads\/2025\/12\/Vue-plage-piscine-et-mer-1-1-1024x683.jpg 1024w, https:\/\/regard-sur-mer.com\/wp-content\/uploads\/2025\/12\/Vue-plage-piscine-et-mer-1-1-768x512.jpg 768w, https:\/\/regard-sur-mer.com\/wp-content\/uploads\/2025\/12\/Vue-plage-piscine-et-mer-1-1-18x12.jpg 18w, https:\/\/regard-sur-mer.com\/wp-content\/uploads\/2025\/12\/Vue-plage-piscine-et-mer-1-1-450x300.jpg 450w, https:\/\/regard-sur-mer.com\/wp-content\/uploads\/2025\/12\/Vue-plage-piscine-et-mer-1-1-600x400.jpg 600w\" sizes=\"(max-width: 1278px) 100vw, 1278px\" \/>                    <\/div>\n        \t\t\t\t<\/div>\n\t\t\t\t<\/div>\n\t\t\t\t<div class=\"elementor-element elementor-element-441ac88 exad-sticky-section-no exad-glass-effect-no elementor-widget elementor-widget-mphbe-accommodation-gallery\" data-id=\"441ac88\" data-element_type=\"widget\" data-e-type=\"widget\" data-widget_type=\"mphbe-accommodation-gallery.default\">\n\t\t\t\t<div class=\"elementor-widget-container\">\n\t\t\t\t\t\n\n\t\n\t<div class=\"mphb-room-type-gallery-wrapper mphb-single-room-type-gallery-wrapper\"><div id='gallery-1' class='gallery galleryid-1543 gallery-columns-2 gallery-size-full'><figure class='gallery-item'>\n\t\t\t<div class='gallery-icon landscape'>\n\t\t\t\t<a href='https:\/\/regard-sur-mer.com\/wp-content\/uploads\/2025\/12\/Terrasse-devant-les-chambres-2.jpg'><img decoding=\"async\" width=\"2048\" height=\"1536\" src=\"https:\/\/regard-sur-mer.com\/wp-content\/uploads\/2025\/12\/Terrasse-devant-les-chambres-2.jpg\" class=\"attachment-full size-full\" alt=\"Location appartement de luxe \u00e0 Carqueiranne\" srcset=\"https:\/\/regard-sur-mer.com\/wp-content\/uploads\/2025\/12\/Terrasse-devant-les-chambres-2.jpg 2048w, https:\/\/regard-sur-mer.com\/wp-content\/uploads\/2025\/12\/Terrasse-devant-les-chambres-2-300x225.jpg 300w, https:\/\/regard-sur-mer.com\/wp-content\/uploads\/2025\/12\/Terrasse-devant-les-chambres-2-1024x768.jpg 1024w, https:\/\/regard-sur-mer.com\/wp-content\/uploads\/2025\/12\/Terrasse-devant-les-chambres-2-768x576.jpg 768w, https:\/\/regard-sur-mer.com\/wp-content\/uploads\/2025\/12\/Terrasse-devant-les-chambres-2-1536x1152.jpg 1536w, https:\/\/regard-sur-mer.com\/wp-content\/uploads\/2025\/12\/Terrasse-devant-les-chambres-2-16x12.jpg 16w, https:\/\/regard-sur-mer.com\/wp-content\/uploads\/2025\/12\/Terrasse-devant-les-chambres-2-1620x1215.jpg 1620w, https:\/\/regard-sur-mer.com\/wp-content\/uploads\/2025\/12\/Terrasse-devant-les-chambres-2-400x300.jpg 400w\" sizes=\"(max-width: 2048px) 100vw, 2048px\" \/><\/a>\n\t\t\t<\/div><\/figure><figure class='gallery-item'>\n\t\t\t<div class='gallery-icon landscape'>\n\t\t\t\t<a href='https:\/\/regard-sur-mer.com\/wp-content\/uploads\/2025\/12\/Facade-Sejour-3.jpg'><img decoding=\"async\" width=\"1278\" height=\"852\" src=\"https:\/\/regard-sur-mer.com\/wp-content\/uploads\/2025\/12\/Facade-Sejour-3.jpg\" class=\"attachment-full size-full\" alt=\"Chambre parentale appartement haut de gamme Carqueiranne\" srcset=\"https:\/\/regard-sur-mer.com\/wp-content\/uploads\/2025\/12\/Facade-Sejour-3.jpg 1278w, https:\/\/regard-sur-mer.com\/wp-content\/uploads\/2025\/12\/Facade-Sejour-3-300x200.jpg 300w, https:\/\/regard-sur-mer.com\/wp-content\/uploads\/2025\/12\/Facade-Sejour-3-1024x683.jpg 1024w, https:\/\/regard-sur-mer.com\/wp-content\/uploads\/2025\/12\/Facade-Sejour-3-768x512.jpg 768w, https:\/\/regard-sur-mer.com\/wp-content\/uploads\/2025\/12\/Facade-Sejour-3-18x12.jpg 18w, https:\/\/regard-sur-mer.com\/wp-content\/uploads\/2025\/12\/Facade-Sejour-3-450x300.jpg 450w\" sizes=\"(max-width: 1278px) 100vw, 1278px\" \/><\/a>\n\t\t\t<\/div><\/figure><figure class='gallery-item'>\n\t\t\t<div class='gallery-icon landscape'>\n\t\t\t\t<a href='https:\/\/regard-sur-mer.com\/wp-content\/uploads\/2025\/12\/Pool-House-1-1.jpg'><img loading=\"lazy\" loading=\"lazy\" decoding=\"async\" width=\"2048\" height=\"1536\" src=\"https:\/\/regard-sur-mer.com\/wp-content\/uploads\/2025\/12\/Pool-House-1-1.jpg\" class=\"attachment-full size-full\" alt=\"\" srcset=\"https:\/\/regard-sur-mer.com\/wp-content\/uploads\/2025\/12\/Pool-House-1-1.jpg 2048w, https:\/\/regard-sur-mer.com\/wp-content\/uploads\/2025\/12\/Pool-House-1-1-300x225.jpg 300w, https:\/\/regard-sur-mer.com\/wp-content\/uploads\/2025\/12\/Pool-House-1-1-1024x768.jpg 1024w, https:\/\/regard-sur-mer.com\/wp-content\/uploads\/2025\/12\/Pool-House-1-1-768x576.jpg 768w, https:\/\/regard-sur-mer.com\/wp-content\/uploads\/2025\/12\/Pool-House-1-1-1536x1152.jpg 1536w, https:\/\/regard-sur-mer.com\/wp-content\/uploads\/2025\/12\/Pool-House-1-1-16x12.jpg 16w, https:\/\/regard-sur-mer.com\/wp-content\/uploads\/2025\/12\/Pool-House-1-1-1620x1215.jpg 1620w, https:\/\/regard-sur-mer.com\/wp-content\/uploads\/2025\/12\/Pool-House-1-1-400x300.jpg 400w\" sizes=\"auto, (max-width: 2048px) 100vw, 2048px\" \/><\/a>\n\t\t\t<\/div><\/figure><figure class='gallery-item'>\n\t\t\t<div class='gallery-icon portrait'>\n\t\t\t\t<a href='https:\/\/regard-sur-mer.com\/wp-content\/uploads\/2025\/12\/Escalier-et-jardin-e1573468888151-2.jpg'><img loading=\"lazy\" loading=\"lazy\" decoding=\"async\" width=\"1536\" height=\"2048\" src=\"https:\/\/regard-sur-mer.com\/wp-content\/uploads\/2025\/12\/Escalier-et-jardin-e1573468888151-2.jpg\" class=\"attachment-full size-full\" alt=\"Escalier-et-jardin : Location de vacances Carqueiranne\" srcset=\"https:\/\/regard-sur-mer.com\/wp-content\/uploads\/2025\/12\/Escalier-et-jardin-e1573468888151-2.jpg 1536w, https:\/\/regard-sur-mer.com\/wp-content\/uploads\/2025\/12\/Escalier-et-jardin-e1573468888151-2-225x300.jpg 225w, https:\/\/regard-sur-mer.com\/wp-content\/uploads\/2025\/12\/Escalier-et-jardin-e1573468888151-2-768x1024.jpg 768w, https:\/\/regard-sur-mer.com\/wp-content\/uploads\/2025\/12\/Escalier-et-jardin-e1573468888151-2-1152x1536.jpg 1152w, https:\/\/regard-sur-mer.com\/wp-content\/uploads\/2025\/12\/Escalier-et-jardin-e1573468888151-2-9x12.jpg 9w\" sizes=\"auto, (max-width: 1536px) 100vw, 1536px\" \/><\/a>\n\t\t\t<\/div><\/figure><figure class='gallery-item'>\n\t\t\t<div class='gallery-icon landscape'>\n\t\t\t\t<a href='https:\/\/regard-sur-mer.com\/wp-content\/uploads\/2025\/12\/Cuisine-sejour-2.jpg'><img loading=\"lazy\" loading=\"lazy\" decoding=\"async\" width=\"2048\" height=\"1536\" src=\"https:\/\/regard-sur-mer.com\/wp-content\/uploads\/2025\/12\/Cuisine-sejour-2.jpg\" class=\"attachment-full size-full\" alt=\"Cuisine-s\u00e9jour \u00e0 Carqueiranne\" srcset=\"https:\/\/regard-sur-mer.com\/wp-content\/uploads\/2025\/12\/Cuisine-sejour-2.jpg 2048w, https:\/\/regard-sur-mer.com\/wp-content\/uploads\/2025\/12\/Cuisine-sejour-2-300x225.jpg 300w, https:\/\/regard-sur-mer.com\/wp-content\/uploads\/2025\/12\/Cuisine-sejour-2-1024x768.jpg 1024w, https:\/\/regard-sur-mer.com\/wp-content\/uploads\/2025\/12\/Cuisine-sejour-2-768x576.jpg 768w, https:\/\/regard-sur-mer.com\/wp-content\/uploads\/2025\/12\/Cuisine-sejour-2-1536x1152.jpg 1536w, https:\/\/regard-sur-mer.com\/wp-content\/uploads\/2025\/12\/Cuisine-sejour-2-16x12.jpg 16w, https:\/\/regard-sur-mer.com\/wp-content\/uploads\/2025\/12\/Cuisine-sejour-2-1620x1215.jpg 1620w, https:\/\/regard-sur-mer.com\/wp-content\/uploads\/2025\/12\/Cuisine-sejour-2-400x300.jpg 400w\" sizes=\"auto, (max-width: 2048px) 100vw, 2048px\" \/><\/a>\n\t\t\t<\/div><\/figure><figure class='gallery-item'>\n\t\t\t<div class='gallery-icon landscape'>\n\t\t\t\t<a href='https:\/\/regard-sur-mer.com\/wp-content\/uploads\/2025\/12\/Sejour-vue-vers-lexterieur-1-1-1.jpg'><img loading=\"lazy\" loading=\"lazy\" decoding=\"async\" width=\"2048\" height=\"1536\" src=\"https:\/\/regard-sur-mer.com\/wp-content\/uploads\/2025\/12\/Sejour-vue-vers-lexterieur-1-1-1.jpg\" class=\"attachment-full size-full\" alt=\"Location de vacances \u00e0 Carqueiranne\" srcset=\"https:\/\/regard-sur-mer.com\/wp-content\/uploads\/2025\/12\/Sejour-vue-vers-lexterieur-1-1-1.jpg 2048w, https:\/\/regard-sur-mer.com\/wp-content\/uploads\/2025\/12\/Sejour-vue-vers-lexterieur-1-1-1-300x225.jpg 300w, https:\/\/regard-sur-mer.com\/wp-content\/uploads\/2025\/12\/Sejour-vue-vers-lexterieur-1-1-1-1024x768.jpg 1024w, https:\/\/regard-sur-mer.com\/wp-content\/uploads\/2025\/12\/Sejour-vue-vers-lexterieur-1-1-1-768x576.jpg 768w, https:\/\/regard-sur-mer.com\/wp-content\/uploads\/2025\/12\/Sejour-vue-vers-lexterieur-1-1-1-1536x1152.jpg 1536w, https:\/\/regard-sur-mer.com\/wp-content\/uploads\/2025\/12\/Sejour-vue-vers-lexterieur-1-1-1-16x12.jpg 16w, https:\/\/regard-sur-mer.com\/wp-content\/uploads\/2025\/12\/Sejour-vue-vers-lexterieur-1-1-1-1620x1215.jpg 1620w, https:\/\/regard-sur-mer.com\/wp-content\/uploads\/2025\/12\/Sejour-vue-vers-lexterieur-1-1-1-400x300.jpg 400w\" sizes=\"auto, (max-width: 2048px) 100vw, 2048px\" \/><\/a>\n\t\t\t<\/div><\/figure><figure class='gallery-item'>\n\t\t\t<div class='gallery-icon landscape'>\n\t\t\t\t<a href='https:\/\/regard-sur-mer.com\/wp-content\/uploads\/2025\/12\/Table-repas-exterieur-e1573293910315-1-1.jpg'><img loading=\"lazy\" loading=\"lazy\" decoding=\"async\" width=\"2048\" height=\"1536\" src=\"https:\/\/regard-sur-mer.com\/wp-content\/uploads\/2025\/12\/Table-repas-exterieur-e1573293910315-1-1.jpg\" class=\"attachment-full size-full\" alt=\"Table-repas-ext\u00e9rieur \u00e0 Carqueiranne\" srcset=\"https:\/\/regard-sur-mer.com\/wp-content\/uploads\/2025\/12\/Table-repas-exterieur-e1573293910315-1-1.jpg 2048w, https:\/\/regard-sur-mer.com\/wp-content\/uploads\/2025\/12\/Table-repas-exterieur-e1573293910315-1-1-300x225.jpg 300w, https:\/\/regard-sur-mer.com\/wp-content\/uploads\/2025\/12\/Table-repas-exterieur-e1573293910315-1-1-1024x768.jpg 1024w, https:\/\/regard-sur-mer.com\/wp-content\/uploads\/2025\/12\/Table-repas-exterieur-e1573293910315-1-1-768x576.jpg 768w, https:\/\/regard-sur-mer.com\/wp-content\/uploads\/2025\/12\/Table-repas-exterieur-e1573293910315-1-1-1536x1152.jpg 1536w, https:\/\/regard-sur-mer.com\/wp-content\/uploads\/2025\/12\/Table-repas-exterieur-e1573293910315-1-1-16x12.jpg 16w, https:\/\/regard-sur-mer.com\/wp-content\/uploads\/2025\/12\/Table-repas-exterieur-e1573293910315-1-1-1620x1215.jpg 1620w, https:\/\/regard-sur-mer.com\/wp-content\/uploads\/2025\/12\/Table-repas-exterieur-e1573293910315-1-1-400x300.jpg 400w\" sizes=\"auto, (max-width: 2048px) 100vw, 2048px\" \/><\/a>\n\t\t\t<\/div><\/figure><figure class='gallery-item'>\n\t\t\t<div class='gallery-icon landscape'>\n\t\t\t\t<a href='https:\/\/regard-sur-mer.com\/wp-content\/uploads\/2025\/12\/Salle-deau-Chambre-4-1-1.jpg'><img loading=\"lazy\" loading=\"lazy\" decoding=\"async\" width=\"1278\" height=\"852\" src=\"https:\/\/regard-sur-mer.com\/wp-content\/uploads\/2025\/12\/Salle-deau-Chambre-4-1-1.jpg\" class=\"attachment-full size-full\" alt=\"Salle-deau-Chambre : Location de vacances \u00e0 Carqueiranne\" srcset=\"https:\/\/regard-sur-mer.com\/wp-content\/uploads\/2025\/12\/Salle-deau-Chambre-4-1-1.jpg 1278w, https:\/\/regard-sur-mer.com\/wp-content\/uploads\/2025\/12\/Salle-deau-Chambre-4-1-1-300x200.jpg 300w, https:\/\/regard-sur-mer.com\/wp-content\/uploads\/2025\/12\/Salle-deau-Chambre-4-1-1-1024x683.jpg 1024w, https:\/\/regard-sur-mer.com\/wp-content\/uploads\/2025\/12\/Salle-deau-Chambre-4-1-1-768x512.jpg 768w, https:\/\/regard-sur-mer.com\/wp-content\/uploads\/2025\/12\/Salle-deau-Chambre-4-1-1-18x12.jpg 18w, https:\/\/regard-sur-mer.com\/wp-content\/uploads\/2025\/12\/Salle-deau-Chambre-4-1-1-450x300.jpg 450w\" sizes=\"auto, (max-width: 1278px) 100vw, 1278px\" \/><\/a>\n\t\t\t<\/div><\/figure><figure class='gallery-item'>\n\t\t\t<div class='gallery-icon landscape'>\n\t\t\t\t<a href='https:\/\/regard-sur-mer.com\/wp-content\/uploads\/2025\/12\/Chambre-4-2-scaled-e1580377881539-1-1.jpg'><img loading=\"lazy\" loading=\"lazy\" decoding=\"async\" width=\"1136\" height=\"852\" src=\"https:\/\/regard-sur-mer.com\/wp-content\/uploads\/2025\/12\/Chambre-4-2-scaled-e1580377881539-1-1.jpg\" class=\"attachment-full size-full\" alt=\"Chambre de vacances \u00e0 Carqueiranne\" srcset=\"https:\/\/regard-sur-mer.com\/wp-content\/uploads\/2025\/12\/Chambre-4-2-scaled-e1580377881539-1-1.jpg 1136w, https:\/\/regard-sur-mer.com\/wp-content\/uploads\/2025\/12\/Chambre-4-2-scaled-e1580377881539-1-1-300x225.jpg 300w, https:\/\/regard-sur-mer.com\/wp-content\/uploads\/2025\/12\/Chambre-4-2-scaled-e1580377881539-1-1-1024x768.jpg 1024w, https:\/\/regard-sur-mer.com\/wp-content\/uploads\/2025\/12\/Chambre-4-2-scaled-e1580377881539-1-1-768x576.jpg 768w, https:\/\/regard-sur-mer.com\/wp-content\/uploads\/2025\/12\/Chambre-4-2-scaled-e1580377881539-1-1-16x12.jpg 16w, https:\/\/regard-sur-mer.com\/wp-content\/uploads\/2025\/12\/Chambre-4-2-scaled-e1580377881539-1-1-400x300.jpg 400w\" sizes=\"auto, (max-width: 1136px) 100vw, 1136px\" \/><\/a>\n\t\t\t<\/div><\/figure><figure class='gallery-item'>\n\t\t\t<div class='gallery-icon landscape'>\n\t\t\t\t<a href='https:\/\/regard-sur-mer.com\/wp-content\/uploads\/2025\/12\/IMG_1468-scaled-e1580377795243-1-1.jpg'><img loading=\"lazy\" loading=\"lazy\" decoding=\"async\" width=\"1136\" height=\"852\" src=\"https:\/\/regard-sur-mer.com\/wp-content\/uploads\/2025\/12\/IMG_1468-scaled-e1580377795243-1-1.jpg\" class=\"attachment-full size-full\" alt=\"Chambre de vacances \u00e0 Carqueiranne\" srcset=\"https:\/\/regard-sur-mer.com\/wp-content\/uploads\/2025\/12\/IMG_1468-scaled-e1580377795243-1-1.jpg 1136w, https:\/\/regard-sur-mer.com\/wp-content\/uploads\/2025\/12\/IMG_1468-scaled-e1580377795243-1-1-300x225.jpg 300w, https:\/\/regard-sur-mer.com\/wp-content\/uploads\/2025\/12\/IMG_1468-scaled-e1580377795243-1-1-1024x768.jpg 1024w, https:\/\/regard-sur-mer.com\/wp-content\/uploads\/2025\/12\/IMG_1468-scaled-e1580377795243-1-1-768x576.jpg 768w, https:\/\/regard-sur-mer.com\/wp-content\/uploads\/2025\/12\/IMG_1468-scaled-e1580377795243-1-1-16x12.jpg 16w, https:\/\/regard-sur-mer.com\/wp-content\/uploads\/2025\/12\/IMG_1468-scaled-e1580377795243-1-1-400x300.jpg 400w\" sizes=\"auto, (max-width: 1136px) 100vw, 1136px\" \/><\/a>\n\t\t\t<\/div><\/figure><figure class='gallery-item'>\n\t\t\t<div class='gallery-icon landscape'>\n\t\t\t\t<a href='https:\/\/regard-sur-mer.com\/wp-content\/uploads\/2025\/12\/Salle-deau-Chambre-3-1-1-1.jpg'><img loading=\"lazy\" loading=\"lazy\" decoding=\"async\" width=\"2048\" height=\"1536\" src=\"https:\/\/regard-sur-mer.com\/wp-content\/uploads\/2025\/12\/Salle-deau-Chambre-3-1-1-1.jpg\" class=\"attachment-full size-full\" alt=\"Salle d&#039;eau Chambre de vacances \u00e0 Carqueiranne\" srcset=\"https:\/\/regard-sur-mer.com\/wp-content\/uploads\/2025\/12\/Salle-deau-Chambre-3-1-1-1.jpg 2048w, https:\/\/regard-sur-mer.com\/wp-content\/uploads\/2025\/12\/Salle-deau-Chambre-3-1-1-1-300x225.jpg 300w, https:\/\/regard-sur-mer.com\/wp-content\/uploads\/2025\/12\/Salle-deau-Chambre-3-1-1-1-1024x768.jpg 1024w, https:\/\/regard-sur-mer.com\/wp-content\/uploads\/2025\/12\/Salle-deau-Chambre-3-1-1-1-768x576.jpg 768w, https:\/\/regard-sur-mer.com\/wp-content\/uploads\/2025\/12\/Salle-deau-Chambre-3-1-1-1-1536x1152.jpg 1536w, https:\/\/regard-sur-mer.com\/wp-content\/uploads\/2025\/12\/Salle-deau-Chambre-3-1-1-1-16x12.jpg 16w, https:\/\/regard-sur-mer.com\/wp-content\/uploads\/2025\/12\/Salle-deau-Chambre-3-1-1-1-1620x1215.jpg 1620w, https:\/\/regard-sur-mer.com\/wp-content\/uploads\/2025\/12\/Salle-deau-Chambre-3-1-1-1-400x300.jpg 400w\" sizes=\"auto, (max-width: 2048px) 100vw, 2048px\" \/><\/a>\n\t\t\t<\/div><\/figure><figure class='gallery-item'>\n\t\t\t<div class='gallery-icon landscape'>\n\t\t\t\t<a href='https:\/\/regard-sur-mer.com\/wp-content\/uploads\/2025\/12\/Salle-deau-Chambre-3-2-1-1.jpg'><img loading=\"lazy\" loading=\"lazy\" decoding=\"async\" width=\"2048\" height=\"1536\" src=\"https:\/\/regard-sur-mer.com\/wp-content\/uploads\/2025\/12\/Salle-deau-Chambre-3-2-1-1.jpg\" class=\"attachment-full size-full\" alt=\"Salle d&#039;eau Chambre de vacances \u00e0 Carqueiranne\" srcset=\"https:\/\/regard-sur-mer.com\/wp-content\/uploads\/2025\/12\/Salle-deau-Chambre-3-2-1-1.jpg 2048w, https:\/\/regard-sur-mer.com\/wp-content\/uploads\/2025\/12\/Salle-deau-Chambre-3-2-1-1-300x225.jpg 300w, https:\/\/regard-sur-mer.com\/wp-content\/uploads\/2025\/12\/Salle-deau-Chambre-3-2-1-1-1024x768.jpg 1024w, https:\/\/regard-sur-mer.com\/wp-content\/uploads\/2025\/12\/Salle-deau-Chambre-3-2-1-1-768x576.jpg 768w, https:\/\/regard-sur-mer.com\/wp-content\/uploads\/2025\/12\/Salle-deau-Chambre-3-2-1-1-1536x1152.jpg 1536w, https:\/\/regard-sur-mer.com\/wp-content\/uploads\/2025\/12\/Salle-deau-Chambre-3-2-1-1-16x12.jpg 16w, https:\/\/regard-sur-mer.com\/wp-content\/uploads\/2025\/12\/Salle-deau-Chambre-3-2-1-1-1620x1215.jpg 1620w, https:\/\/regard-sur-mer.com\/wp-content\/uploads\/2025\/12\/Salle-deau-Chambre-3-2-1-1-400x300.jpg 400w\" sizes=\"auto, (max-width: 2048px) 100vw, 2048px\" \/><\/a>\n\t\t\t<\/div><\/figure><figure class='gallery-item'>\n\t\t\t<div class='gallery-icon landscape'>\n\t\t\t\t<a href='https:\/\/regard-sur-mer.com\/wp-content\/uploads\/2025\/12\/Chambre-3-vue-vers-exterieur-1-1-1.jpg'><img loading=\"lazy\" loading=\"lazy\" decoding=\"async\" width=\"2048\" height=\"1536\" src=\"https:\/\/regard-sur-mer.com\/wp-content\/uploads\/2025\/12\/Chambre-3-vue-vers-exterieur-1-1-1.jpg\" class=\"attachment-full size-full\" alt=\"Chambre de vacances vue-vers-ext\u00e9rieur \u00e0 Carqueiranne\" srcset=\"https:\/\/regard-sur-mer.com\/wp-content\/uploads\/2025\/12\/Chambre-3-vue-vers-exterieur-1-1-1.jpg 2048w, https:\/\/regard-sur-mer.com\/wp-content\/uploads\/2025\/12\/Chambre-3-vue-vers-exterieur-1-1-1-300x225.jpg 300w, https:\/\/regard-sur-mer.com\/wp-content\/uploads\/2025\/12\/Chambre-3-vue-vers-exterieur-1-1-1-1024x768.jpg 1024w, https:\/\/regard-sur-mer.com\/wp-content\/uploads\/2025\/12\/Chambre-3-vue-vers-exterieur-1-1-1-768x576.jpg 768w, https:\/\/regard-sur-mer.com\/wp-content\/uploads\/2025\/12\/Chambre-3-vue-vers-exterieur-1-1-1-1536x1152.jpg 1536w, https:\/\/regard-sur-mer.com\/wp-content\/uploads\/2025\/12\/Chambre-3-vue-vers-exterieur-1-1-1-16x12.jpg 16w, https:\/\/regard-sur-mer.com\/wp-content\/uploads\/2025\/12\/Chambre-3-vue-vers-exterieur-1-1-1-1620x1215.jpg 1620w, https:\/\/regard-sur-mer.com\/wp-content\/uploads\/2025\/12\/Chambre-3-vue-vers-exterieur-1-1-1-400x300.jpg 400w\" sizes=\"auto, (max-width: 2048px) 100vw, 2048px\" \/><\/a>\n\t\t\t<\/div><\/figure><figure class='gallery-item'>\n\t\t\t<div class='gallery-icon landscape'>\n\t\t\t\t<a href='https:\/\/regard-sur-mer.com\/wp-content\/uploads\/2025\/12\/Chambre-3-1-1-1.jpg'><img loading=\"lazy\" loading=\"lazy\" decoding=\"async\" width=\"2048\" height=\"1536\" src=\"https:\/\/regard-sur-mer.com\/wp-content\/uploads\/2025\/12\/Chambre-3-1-1-1.jpg\" class=\"attachment-full size-full\" alt=\"Chambre de vacances \u00e0 Carqueiranne\" srcset=\"https:\/\/regard-sur-mer.com\/wp-content\/uploads\/2025\/12\/Chambre-3-1-1-1.jpg 2048w, https:\/\/regard-sur-mer.com\/wp-content\/uploads\/2025\/12\/Chambre-3-1-1-1-300x225.jpg 300w, https:\/\/regard-sur-mer.com\/wp-content\/uploads\/2025\/12\/Chambre-3-1-1-1-1024x768.jpg 1024w, https:\/\/regard-sur-mer.com\/wp-content\/uploads\/2025\/12\/Chambre-3-1-1-1-768x576.jpg 768w, https:\/\/regard-sur-mer.com\/wp-content\/uploads\/2025\/12\/Chambre-3-1-1-1-1536x1152.jpg 1536w, https:\/\/regard-sur-mer.com\/wp-content\/uploads\/2025\/12\/Chambre-3-1-1-1-16x12.jpg 16w, https:\/\/regard-sur-mer.com\/wp-content\/uploads\/2025\/12\/Chambre-3-1-1-1-1620x1215.jpg 1620w, https:\/\/regard-sur-mer.com\/wp-content\/uploads\/2025\/12\/Chambre-3-1-1-1-400x300.jpg 400w\" sizes=\"auto, (max-width: 2048px) 100vw, 2048px\" \/><\/a>\n\t\t\t<\/div><\/figure><figure class='gallery-item'>\n\t\t\t<div class='gallery-icon landscape'>\n\t\t\t\t<a href='https:\/\/regard-sur-mer.com\/wp-content\/uploads\/2025\/12\/Salle-deau-Chambre-2-1-1-1.jpg'><img loading=\"lazy\" loading=\"lazy\" decoding=\"async\" width=\"2048\" height=\"1536\" src=\"https:\/\/regard-sur-mer.com\/wp-content\/uploads\/2025\/12\/Salle-deau-Chambre-2-1-1-1.jpg\" class=\"attachment-full size-full\" alt=\"Salle d&#039;eau Chambre de vacances \u00e0 Carqueiranne\" srcset=\"https:\/\/regard-sur-mer.com\/wp-content\/uploads\/2025\/12\/Salle-deau-Chambre-2-1-1-1.jpg 2048w, https:\/\/regard-sur-mer.com\/wp-content\/uploads\/2025\/12\/Salle-deau-Chambre-2-1-1-1-300x225.jpg 300w, https:\/\/regard-sur-mer.com\/wp-content\/uploads\/2025\/12\/Salle-deau-Chambre-2-1-1-1-1024x768.jpg 1024w, https:\/\/regard-sur-mer.com\/wp-content\/uploads\/2025\/12\/Salle-deau-Chambre-2-1-1-1-768x576.jpg 768w, https:\/\/regard-sur-mer.com\/wp-content\/uploads\/2025\/12\/Salle-deau-Chambre-2-1-1-1-1536x1152.jpg 1536w, https:\/\/regard-sur-mer.com\/wp-content\/uploads\/2025\/12\/Salle-deau-Chambre-2-1-1-1-16x12.jpg 16w, https:\/\/regard-sur-mer.com\/wp-content\/uploads\/2025\/12\/Salle-deau-Chambre-2-1-1-1-1620x1215.jpg 1620w, https:\/\/regard-sur-mer.com\/wp-content\/uploads\/2025\/12\/Salle-deau-Chambre-2-1-1-1-400x300.jpg 400w\" sizes=\"auto, (max-width: 2048px) 100vw, 2048px\" \/><\/a>\n\t\t\t<\/div><\/figure><figure class='gallery-item'>\n\t\t\t<div class='gallery-icon landscape'>\n\t\t\t\t<a href='https:\/\/regard-sur-mer.com\/wp-content\/uploads\/2025\/12\/Chambre-2-1-1.jpg'><img loading=\"lazy\" loading=\"lazy\" decoding=\"async\" width=\"2048\" height=\"1536\" src=\"https:\/\/regard-sur-mer.com\/wp-content\/uploads\/2025\/12\/Chambre-2-1-1.jpg\" class=\"attachment-full size-full\" alt=\"Chambre appartement haut de gamme Carqueiranne\" srcset=\"https:\/\/regard-sur-mer.com\/wp-content\/uploads\/2025\/12\/Chambre-2-1-1.jpg 2048w, https:\/\/regard-sur-mer.com\/wp-content\/uploads\/2025\/12\/Chambre-2-1-1-300x225.jpg 300w, https:\/\/regard-sur-mer.com\/wp-content\/uploads\/2025\/12\/Chambre-2-1-1-1024x768.jpg 1024w, https:\/\/regard-sur-mer.com\/wp-content\/uploads\/2025\/12\/Chambre-2-1-1-768x576.jpg 768w, https:\/\/regard-sur-mer.com\/wp-content\/uploads\/2025\/12\/Chambre-2-1-1-1536x1152.jpg 1536w, https:\/\/regard-sur-mer.com\/wp-content\/uploads\/2025\/12\/Chambre-2-1-1-16x12.jpg 16w, https:\/\/regard-sur-mer.com\/wp-content\/uploads\/2025\/12\/Chambre-2-1-1-1620x1215.jpg 1620w, https:\/\/regard-sur-mer.com\/wp-content\/uploads\/2025\/12\/Chambre-2-1-1-400x300.jpg 400w\" sizes=\"auto, (max-width: 2048px) 100vw, 2048px\" \/><\/a>\n\t\t\t<\/div><\/figure><figure class='gallery-item'>\n\t\t\t<div class='gallery-icon landscape'>\n\t\t\t\t<a href='https:\/\/regard-sur-mer.com\/wp-content\/uploads\/2025\/12\/Bureau-Chambre-1-1-1-1.jpg'><img loading=\"lazy\" loading=\"lazy\" decoding=\"async\" width=\"2048\" height=\"1536\" src=\"https:\/\/regard-sur-mer.com\/wp-content\/uploads\/2025\/12\/Bureau-Chambre-1-1-1-1.jpg\" class=\"attachment-full size-full\" alt=\"Bureau Chambre \u00e0 Carqueiranne\" srcset=\"https:\/\/regard-sur-mer.com\/wp-content\/uploads\/2025\/12\/Bureau-Chambre-1-1-1-1.jpg 2048w, https:\/\/regard-sur-mer.com\/wp-content\/uploads\/2025\/12\/Bureau-Chambre-1-1-1-1-300x225.jpg 300w, https:\/\/regard-sur-mer.com\/wp-content\/uploads\/2025\/12\/Bureau-Chambre-1-1-1-1-1024x768.jpg 1024w, https:\/\/regard-sur-mer.com\/wp-content\/uploads\/2025\/12\/Bureau-Chambre-1-1-1-1-768x576.jpg 768w, https:\/\/regard-sur-mer.com\/wp-content\/uploads\/2025\/12\/Bureau-Chambre-1-1-1-1-1536x1152.jpg 1536w, https:\/\/regard-sur-mer.com\/wp-content\/uploads\/2025\/12\/Bureau-Chambre-1-1-1-1-16x12.jpg 16w, https:\/\/regard-sur-mer.com\/wp-content\/uploads\/2025\/12\/Bureau-Chambre-1-1-1-1-1620x1215.jpg 1620w, https:\/\/regard-sur-mer.com\/wp-content\/uploads\/2025\/12\/Bureau-Chambre-1-1-1-1-400x300.jpg 400w\" sizes=\"auto, (max-width: 2048px) 100vw, 2048px\" \/><\/a>\n\t\t\t<\/div><\/figure><figure class='gallery-item'>\n\t\t\t<div class='gallery-icon landscape'>\n\t\t\t\t<a href='https:\/\/regard-sur-mer.com\/wp-content\/uploads\/2025\/12\/Salle-deau-Chambre-1-2-1-1.jpg'><img loading=\"lazy\" loading=\"lazy\" decoding=\"async\" width=\"2048\" height=\"2048\" src=\"https:\/\/regard-sur-mer.com\/wp-content\/uploads\/2025\/12\/Salle-deau-Chambre-1-2-1-1.jpg\" class=\"attachment-full size-full\" alt=\"Salle d&#039;eau Chambre \u00e0 Carqueiranne\" srcset=\"https:\/\/regard-sur-mer.com\/wp-content\/uploads\/2025\/12\/Salle-deau-Chambre-1-2-1-1.jpg 2048w, https:\/\/regard-sur-mer.com\/wp-content\/uploads\/2025\/12\/Salle-deau-Chambre-1-2-1-1-300x300.jpg 300w, https:\/\/regard-sur-mer.com\/wp-content\/uploads\/2025\/12\/Salle-deau-Chambre-1-2-1-1-1024x1024.jpg 1024w, https:\/\/regard-sur-mer.com\/wp-content\/uploads\/2025\/12\/Salle-deau-Chambre-1-2-1-1-150x150.jpg 150w, https:\/\/regard-sur-mer.com\/wp-content\/uploads\/2025\/12\/Salle-deau-Chambre-1-2-1-1-768x768.jpg 768w, https:\/\/regard-sur-mer.com\/wp-content\/uploads\/2025\/12\/Salle-deau-Chambre-1-2-1-1-1536x1536.jpg 1536w, https:\/\/regard-sur-mer.com\/wp-content\/uploads\/2025\/12\/Salle-deau-Chambre-1-2-1-1-12x12.jpg 12w, https:\/\/regard-sur-mer.com\/wp-content\/uploads\/2025\/12\/Salle-deau-Chambre-1-2-1-1-1620x1620.jpg 1620w\" sizes=\"auto, (max-width: 2048px) 100vw, 2048px\" \/><\/a>\n\t\t\t<\/div><\/figure><figure class='gallery-item'>\n\t\t\t<div class='gallery-icon portrait'>\n\t\t\t\t<a href='https:\/\/regard-sur-mer.com\/wp-content\/uploads\/2025\/12\/Salle-deau-Chambre-1-1-1.jpg'><img loading=\"lazy\" loading=\"lazy\" decoding=\"async\" width=\"1536\" height=\"2048\" src=\"https:\/\/regard-sur-mer.com\/wp-content\/uploads\/2025\/12\/Salle-deau-Chambre-1-1-1.jpg\" class=\"attachment-full size-full\" alt=\"Salle d&#039;eau Chambre \u00e0 Carqueiranne\" srcset=\"https:\/\/regard-sur-mer.com\/wp-content\/uploads\/2025\/12\/Salle-deau-Chambre-1-1-1.jpg 1536w, https:\/\/regard-sur-mer.com\/wp-content\/uploads\/2025\/12\/Salle-deau-Chambre-1-1-1-225x300.jpg 225w, https:\/\/regard-sur-mer.com\/wp-content\/uploads\/2025\/12\/Salle-deau-Chambre-1-1-1-768x1024.jpg 768w, https:\/\/regard-sur-mer.com\/wp-content\/uploads\/2025\/12\/Salle-deau-Chambre-1-1-1-1152x1536.jpg 1152w, https:\/\/regard-sur-mer.com\/wp-content\/uploads\/2025\/12\/Salle-deau-Chambre-1-1-1-9x12.jpg 9w\" sizes=\"auto, (max-width: 1536px) 100vw, 1536px\" \/><\/a>\n\t\t\t<\/div><\/figure><figure class='gallery-item'>\n\t\t\t<div class='gallery-icon landscape'>\n\t\t\t\t<a href='https:\/\/regard-sur-mer.com\/wp-content\/uploads\/2025\/12\/Chambre-1-vue-vers-exterieur-1-1-1.jpg'><img loading=\"lazy\" loading=\"lazy\" decoding=\"async\" width=\"2048\" height=\"1536\" src=\"https:\/\/regard-sur-mer.com\/wp-content\/uploads\/2025\/12\/Chambre-1-vue-vers-exterieur-1-1-1.jpg\" class=\"attachment-full size-full\" alt=\"Chambre vue sur mer Carqueiranne\" srcset=\"https:\/\/regard-sur-mer.com\/wp-content\/uploads\/2025\/12\/Chambre-1-vue-vers-exterieur-1-1-1.jpg 2048w, https:\/\/regard-sur-mer.com\/wp-content\/uploads\/2025\/12\/Chambre-1-vue-vers-exterieur-1-1-1-300x225.jpg 300w, https:\/\/regard-sur-mer.com\/wp-content\/uploads\/2025\/12\/Chambre-1-vue-vers-exterieur-1-1-1-1024x768.jpg 1024w, https:\/\/regard-sur-mer.com\/wp-content\/uploads\/2025\/12\/Chambre-1-vue-vers-exterieur-1-1-1-768x576.jpg 768w, https:\/\/regard-sur-mer.com\/wp-content\/uploads\/2025\/12\/Chambre-1-vue-vers-exterieur-1-1-1-1536x1152.jpg 1536w, https:\/\/regard-sur-mer.com\/wp-content\/uploads\/2025\/12\/Chambre-1-vue-vers-exterieur-1-1-1-16x12.jpg 16w, https:\/\/regard-sur-mer.com\/wp-content\/uploads\/2025\/12\/Chambre-1-vue-vers-exterieur-1-1-1-1620x1215.jpg 1620w, https:\/\/regard-sur-mer.com\/wp-content\/uploads\/2025\/12\/Chambre-1-vue-vers-exterieur-1-1-1-400x300.jpg 400w\" sizes=\"auto, (max-width: 2048px) 100vw, 2048px\" \/><\/a>\n\t\t\t<\/div><\/figure><figure class='gallery-item'>\n\t\t\t<div class='gallery-icon landscape'>\n\t\t\t\t<a href='https:\/\/regard-sur-mer.com\/wp-content\/uploads\/2025\/12\/Chambre-1-2-1-1.jpg'><img loading=\"lazy\" loading=\"lazy\" decoding=\"async\" width=\"2048\" height=\"1536\" src=\"https:\/\/regard-sur-mer.com\/wp-content\/uploads\/2025\/12\/Chambre-1-2-1-1.jpg\" class=\"attachment-full size-full\" alt=\"Chambre appartement haut de gamme Carqueiranne\" srcset=\"https:\/\/regard-sur-mer.com\/wp-content\/uploads\/2025\/12\/Chambre-1-2-1-1.jpg 2048w, https:\/\/regard-sur-mer.com\/wp-content\/uploads\/2025\/12\/Chambre-1-2-1-1-300x225.jpg 300w, https:\/\/regard-sur-mer.com\/wp-content\/uploads\/2025\/12\/Chambre-1-2-1-1-1024x768.jpg 1024w, https:\/\/regard-sur-mer.com\/wp-content\/uploads\/2025\/12\/Chambre-1-2-1-1-768x576.jpg 768w, https:\/\/regard-sur-mer.com\/wp-content\/uploads\/2025\/12\/Chambre-1-2-1-1-1536x1152.jpg 1536w, https:\/\/regard-sur-mer.com\/wp-content\/uploads\/2025\/12\/Chambre-1-2-1-1-16x12.jpg 16w, https:\/\/regard-sur-mer.com\/wp-content\/uploads\/2025\/12\/Chambre-1-2-1-1-1620x1215.jpg 1620w, https:\/\/regard-sur-mer.com\/wp-content\/uploads\/2025\/12\/Chambre-1-2-1-1-400x300.jpg 400w\" sizes=\"auto, (max-width: 2048px) 100vw, 2048px\" \/><\/a>\n\t\t\t<\/div><\/figure><figure class='gallery-item'>\n\t\t\t<div class='gallery-icon landscape'>\n\t\t\t\t<a href='https:\/\/regard-sur-mer.com\/wp-content\/uploads\/2025\/12\/IMG_3977-1.jpg'><img loading=\"lazy\" loading=\"lazy\" decoding=\"async\" width=\"2048\" height=\"1536\" src=\"https:\/\/regard-sur-mer.com\/wp-content\/uploads\/2025\/12\/IMG_3977-1.jpg\" class=\"attachment-full size-full\" alt=\"Piscine priv\u00e9e appartement \u00e0 Carqueiranne\" srcset=\"https:\/\/regard-sur-mer.com\/wp-content\/uploads\/2025\/12\/IMG_3977-1.jpg 2048w, https:\/\/regard-sur-mer.com\/wp-content\/uploads\/2025\/12\/IMG_3977-1-300x225.jpg 300w, https:\/\/regard-sur-mer.com\/wp-content\/uploads\/2025\/12\/IMG_3977-1-1024x768.jpg 1024w, https:\/\/regard-sur-mer.com\/wp-content\/uploads\/2025\/12\/IMG_3977-1-768x576.jpg 768w, https:\/\/regard-sur-mer.com\/wp-content\/uploads\/2025\/12\/IMG_3977-1-1536x1152.jpg 1536w, https:\/\/regard-sur-mer.com\/wp-content\/uploads\/2025\/12\/IMG_3977-1-16x12.jpg 16w, https:\/\/regard-sur-mer.com\/wp-content\/uploads\/2025\/12\/IMG_3977-1-1620x1215.jpg 1620w, https:\/\/regard-sur-mer.com\/wp-content\/uploads\/2025\/12\/IMG_3977-1-400x300.jpg 400w\" sizes=\"auto, (max-width: 2048px) 100vw, 2048px\" \/><\/a>\n\t\t\t<\/div><\/figure><figure class='gallery-item'>\n\t\t\t<div class='gallery-icon landscape'>\n\t\t\t\t<a href='https:\/\/regard-sur-mer.com\/wp-content\/uploads\/2025\/12\/Vue-piscine-et-mer-2-1.jpg'><img loading=\"lazy\" loading=\"lazy\" decoding=\"async\" width=\"1278\" height=\"852\" src=\"https:\/\/regard-sur-mer.com\/wp-content\/uploads\/2025\/12\/Vue-piscine-et-mer-2-1.jpg\" class=\"attachment-full size-full\" alt=\"Piscine priv\u00e9e appartement de luxe \u00e0 Carqueiranne\" srcset=\"https:\/\/regard-sur-mer.com\/wp-content\/uploads\/2025\/12\/Vue-piscine-et-mer-2-1.jpg 1278w, https:\/\/regard-sur-mer.com\/wp-content\/uploads\/2025\/12\/Vue-piscine-et-mer-2-1-300x200.jpg 300w, https:\/\/regard-sur-mer.com\/wp-content\/uploads\/2025\/12\/Vue-piscine-et-mer-2-1-1024x683.jpg 1024w, https:\/\/regard-sur-mer.com\/wp-content\/uploads\/2025\/12\/Vue-piscine-et-mer-2-1-768x512.jpg 768w, https:\/\/regard-sur-mer.com\/wp-content\/uploads\/2025\/12\/Vue-piscine-et-mer-2-1-18x12.jpg 18w, https:\/\/regard-sur-mer.com\/wp-content\/uploads\/2025\/12\/Vue-piscine-et-mer-2-1-450x300.jpg 450w\" sizes=\"auto, (max-width: 1278px) 100vw, 1278px\" \/><\/a>\n\t\t\t<\/div><\/figure><figure class='gallery-item'>\n\t\t\t<div class='gallery-icon landscape'>\n\t\t\t\t<a href='https:\/\/regard-sur-mer.com\/wp-content\/uploads\/2025\/12\/Facade-sud-2.jpg'><img loading=\"lazy\" loading=\"lazy\" decoding=\"async\" width=\"2047\" height=\"1236\" src=\"https:\/\/regard-sur-mer.com\/wp-content\/uploads\/2025\/12\/Facade-sud-2.jpg\" class=\"attachment-full size-full\" alt=\"Location appartement de luxe \u00e0 Carqueiranne\" srcset=\"https:\/\/regard-sur-mer.com\/wp-content\/uploads\/2025\/12\/Facade-sud-2.jpg 2047w, https:\/\/regard-sur-mer.com\/wp-content\/uploads\/2025\/12\/Facade-sud-2-300x181.jpg 300w, https:\/\/regard-sur-mer.com\/wp-content\/uploads\/2025\/12\/Facade-sud-2-1024x618.jpg 1024w, https:\/\/regard-sur-mer.com\/wp-content\/uploads\/2025\/12\/Facade-sud-2-768x464.jpg 768w, https:\/\/regard-sur-mer.com\/wp-content\/uploads\/2025\/12\/Facade-sud-2-1536x927.jpg 1536w, https:\/\/regard-sur-mer.com\/wp-content\/uploads\/2025\/12\/Facade-sud-2-18x12.jpg 18w, https:\/\/regard-sur-mer.com\/wp-content\/uploads\/2025\/12\/Facade-sud-2-1620x978.jpg 1620w, https:\/\/regard-sur-mer.com\/wp-content\/uploads\/2025\/12\/Facade-sud-2-497x300.jpg 497w\" sizes=\"auto, (max-width: 2047px) 100vw, 2047px\" \/><\/a>\n\t\t\t<\/div><\/figure><figure class='gallery-item'>\n\t\t\t<div class='gallery-icon portrait'>\n\t\t\t\t<a href='https:\/\/regard-sur-mer.com\/wp-content\/uploads\/2025\/12\/Douche-Solaire-rotated-2.jpg'><img loading=\"lazy\" loading=\"lazy\" decoding=\"async\" width=\"1512\" height=\"2016\" src=\"https:\/\/regard-sur-mer.com\/wp-content\/uploads\/2025\/12\/Douche-Solaire-rotated-2.jpg\" class=\"attachment-full size-full\" alt=\"Piscine priv\u00e9e appartement de luxe \u00e0 Carqueiranne\" srcset=\"https:\/\/regard-sur-mer.com\/wp-content\/uploads\/2025\/12\/Douche-Solaire-rotated-2.jpg 1512w, https:\/\/regard-sur-mer.com\/wp-content\/uploads\/2025\/12\/Douche-Solaire-rotated-2-225x300.jpg 225w, https:\/\/regard-sur-mer.com\/wp-content\/uploads\/2025\/12\/Douche-Solaire-rotated-2-768x1024.jpg 768w, https:\/\/regard-sur-mer.com\/wp-content\/uploads\/2025\/12\/Douche-Solaire-rotated-2-1152x1536.jpg 1152w, https:\/\/regard-sur-mer.com\/wp-content\/uploads\/2025\/12\/Douche-Solaire-rotated-2-9x12.jpg 9w\" sizes=\"auto, (max-width: 1512px) 100vw, 1512px\" \/><\/a>\n\t\t\t<\/div><\/figure><figure class='gallery-item'>\n\t\t\t<div class='gallery-icon portrait'>\n\t\t\t\t<a href='https:\/\/regard-sur-mer.com\/wp-content\/uploads\/2025\/12\/Vue-maison-depuis-le-portail-bas-rotated-e1580400334667-2.jpg'><img loading=\"lazy\" loading=\"lazy\" decoding=\"async\" width=\"780\" height=\"852\" src=\"https:\/\/regard-sur-mer.com\/wp-content\/uploads\/2025\/12\/Vue-maison-depuis-le-portail-bas-rotated-e1580400334667-2.jpg\" class=\"attachment-full size-full\" alt=\"\" srcset=\"https:\/\/regard-sur-mer.com\/wp-content\/uploads\/2025\/12\/Vue-maison-depuis-le-portail-bas-rotated-e1580400334667-2.jpg 780w, https:\/\/regard-sur-mer.com\/wp-content\/uploads\/2025\/12\/Vue-maison-depuis-le-portail-bas-rotated-e1580400334667-2-275x300.jpg 275w, https:\/\/regard-sur-mer.com\/wp-content\/uploads\/2025\/12\/Vue-maison-depuis-le-portail-bas-rotated-e1580400334667-2-768x839.jpg 768w, https:\/\/regard-sur-mer.com\/wp-content\/uploads\/2025\/12\/Vue-maison-depuis-le-portail-bas-rotated-e1580400334667-2-11x12.jpg 11w\" sizes=\"auto, (max-width: 780px) 100vw, 780px\" \/><\/a>\n\t\t\t<\/div><\/figure><figure class='gallery-item'>\n\t\t\t<div class='gallery-icon landscape'>\n\t\t\t\t<a href='https:\/\/regard-sur-mer.com\/wp-content\/uploads\/2025\/12\/IMG_1453-2.jpg'><img loading=\"lazy\" loading=\"lazy\" decoding=\"async\" width=\"1200\" height=\"800\" src=\"https:\/\/regard-sur-mer.com\/wp-content\/uploads\/2025\/12\/IMG_1453-2.jpg\" class=\"attachment-full size-full\" alt=\"\" srcset=\"https:\/\/regard-sur-mer.com\/wp-content\/uploads\/2025\/12\/IMG_1453-2.jpg 1200w, https:\/\/regard-sur-mer.com\/wp-content\/uploads\/2025\/12\/IMG_1453-2-300x200.jpg 300w, https:\/\/regard-sur-mer.com\/wp-content\/uploads\/2025\/12\/IMG_1453-2-1024x683.jpg 1024w, https:\/\/regard-sur-mer.com\/wp-content\/uploads\/2025\/12\/IMG_1453-2-768x512.jpg 768w, https:\/\/regard-sur-mer.com\/wp-content\/uploads\/2025\/12\/IMG_1453-2-18x12.jpg 18w, https:\/\/regard-sur-mer.com\/wp-content\/uploads\/2025\/12\/IMG_1453-2-450x300.jpg 450w\" sizes=\"auto, (max-width: 1200px) 100vw, 1200px\" \/><\/a>\n\t\t\t<\/div><\/figure><figure class='gallery-item'>\n\t\t\t<div class='gallery-icon landscape'>\n\t\t\t\t<a href='https:\/\/regard-sur-mer.com\/wp-content\/uploads\/2025\/12\/Terrasse-devant-les-chambres-2-1.jpg'><img loading=\"lazy\" loading=\"lazy\" decoding=\"async\" width=\"2048\" height=\"1536\" src=\"https:\/\/regard-sur-mer.com\/wp-content\/uploads\/2025\/12\/Terrasse-devant-les-chambres-2-1.jpg\" class=\"attachment-full size-full\" alt=\"\" srcset=\"https:\/\/regard-sur-mer.com\/wp-content\/uploads\/2025\/12\/Terrasse-devant-les-chambres-2-1.jpg 2048w, https:\/\/regard-sur-mer.com\/wp-content\/uploads\/2025\/12\/Terrasse-devant-les-chambres-2-1-300x225.jpg 300w, https:\/\/regard-sur-mer.com\/wp-content\/uploads\/2025\/12\/Terrasse-devant-les-chambres-2-1-1024x768.jpg 1024w, https:\/\/regard-sur-mer.com\/wp-content\/uploads\/2025\/12\/Terrasse-devant-les-chambres-2-1-768x576.jpg 768w, https:\/\/regard-sur-mer.com\/wp-content\/uploads\/2025\/12\/Terrasse-devant-les-chambres-2-1-1536x1152.jpg 1536w, https:\/\/regard-sur-mer.com\/wp-content\/uploads\/2025\/12\/Terrasse-devant-les-chambres-2-1-16x12.jpg 16w, https:\/\/regard-sur-mer.com\/wp-content\/uploads\/2025\/12\/Terrasse-devant-les-chambres-2-1-1620x1215.jpg 1620w, https:\/\/regard-sur-mer.com\/wp-content\/uploads\/2025\/12\/Terrasse-devant-les-chambres-2-1-400x300.jpg 400w, https:\/\/regard-sur-mer.com\/wp-content\/uploads\/2025\/12\/Terrasse-devant-les-chambres-2-1-600x450.jpg 600w\" sizes=\"auto, (max-width: 2048px) 100vw, 2048px\" \/><\/a>\n\t\t\t<\/div><\/figure>\n\t\t<\/div>\n<\/div>\n\t\t\t\t<script type=\"text\/javascript\">\n\t\t\t\tdocument.addEventListener( \"DOMContentLoaded\", function( event ) {\n\t\t\t\t\t(function( $ ) {\n\t\t\t\t\t\t$( function() {\n\t\t\t\t\t\t\tvar galleryItems = $( \".mphb-single-room-type-gallery-wrapper .gallery-icon>a\" );\n\t\t\t\t\t\t\tif ( galleryItems.length && $.fancybox ) {\n\t\t\t\t\t\t\t\tgalleryItems.fancybox( {\n\t\t\t\t\t\t\t\t\tselector : '.mphb-single-room-type-gallery-wrapper .gallery-icon>a',\n\t\t\t\t\t\t\t\t\tloop: true,\n\t\t\t\t\t\t\t\t} );\n\t\t\t\t\t\t\t}\n\t\t\t\t\t\t} );\n\t\t\t\t\t})( jQuery );\n\t\t\t\t} );\n\t\t\t<\/script>\n\t\t\t\n\t\t\t\t\t<\/div>\n\t\t\t\t<\/div>\n\t\t\t\t<div class=\"elementor-element elementor-element-da6f7a3 exad-sticky-section-no exad-glass-effect-no elementor-widget elementor-widget-heading\" data-id=\"da6f7a3\" data-element_type=\"widget\" data-e-type=\"widget\" data-widget_type=\"heading.default\">\n\t\t\t\t\t<div class=\"elementor-heading-title elementor-size-default\">Nos atouts:<\/div>\t\t\t\t<\/div>\n\t\t\t\t<div class=\"elementor-element elementor-element-4ae7ac8 exad-sticky-section-no exad-glass-effect-no elementor-widget elementor-widget-text-editor\" data-id=\"4ae7ac8\" data-element_type=\"widget\" data-e-type=\"widget\" data-widget_type=\"text-editor.default\">\n\t\t\t\t\t\t\t\t\t<p>Bien que ce soit un appartement, vous b\u00e9n\u00e9ficierez de tout ce que peut offrir une maison comme celle-ci: acc\u00e8s ind\u00e9pendant, acc\u00e8s au jardin, \u00e0 la piscine, au poolhouse pour vous seuls. Que vous soyez en famille, en couple ou entre amis, vous appr\u00e9cierez le confort et l\u2019intimit\u00e9 qu\u2019offrent nos 4 suites.<br \/>Nous sommes des propri\u00e9taires d\u00e9sirant louer en direct et sommes soucieux du bien-\u00eatre de nos h\u00f4tes pour leur laisser un souvenir de vacances inoubliable, tout en \u00e9tant discrets.<br \/>Nous vous accueillerons en personne, et serons \u00e0 votre disposition pour vous donner toutes informations et indications pour vos visites et activit\u00e9s.<br \/>Logement non-fumeurs. Parking \u00e0 l\u2019int\u00e9rieur de la propri\u00e9t\u00e9<br \/>Nos amis les animaux ne sont pas accept\u00e9s.<br \/>La grande piscine chauff\u00e9e du 15 mai au 15 septembre est pour votre usage exclusif.<br \/>Nous faisons tout notre possible pour que vous soyez vraiment enchant\u00e9s de votre s\u00e9jour !\u2026<\/p>\t\t\t\t\t\t\t\t<\/div>\n\t\t\t\t\t<\/div>\n\t\t<\/div>\n\t\t\t\t<div class=\"elementor-column elementor-col-50 elementor-inner-column elementor-element elementor-element-3fbe224 exad-glass-effect-no exad-sticky-section-no\" data-id=\"3fbe224\" data-element_type=\"column\" data-e-type=\"column\">\n\t\t\t<div class=\"elementor-widget-wrap elementor-element-populated\">\n\t\t\t\t\t\t<div class=\"elementor-element elementor-element-fb03ae9 exad-sticky-section-no exad-glass-effect-no elementor-widget elementor-widget-mphbe-availability\" data-id=\"fb03ae9\" data-element_type=\"widget\" data-e-type=\"widget\" data-settings=\"{&quot;hide_labels&quot;:&quot;no&quot;,&quot;no_paddings&quot;:&quot;no&quot;,&quot;hide_tips&quot;:&quot;no&quot;,&quot;stretch_btn&quot;:&quot;no&quot;}\" data-widget_type=\"mphbe-availability.default\">\n\t\t\t\t<div class=\"elementor-widget-container\">\n\t\t\t\t\t<div class=\"mphb_sc_booking_form-wrapper is-direct-booking is-style-default \">\t<form method=\"GET\" action=\"https:\/\/regard-sur-mer.com\/en\/resultats-de-la-recherche\/\" class=\"mphb-booking-form \" id=\"booking-form-1543\" data-first_available_check_in_date=\"2026-05-01\">\n\n\t\t<p class=\"mphb-required-fields-tip\"><small>Required fields are followed by <abbr title=\"required\">*<\/abbr><\/small><\/p>\n\t\t<input type=\"hidden\" id=\"mphb-checkout-nonce\" name=\"mphb-checkout-nonce\" value=\"db27620208\" \/><input type=\"hidden\" name=\"_wp_http_referer\" value=\"\/en\/wp-json\/wp\/v2\/pages\/1774\" \/>\t\t\t\t<input type=\"hidden\" name=\"mphb_room_type_id\" value=\"1543\" \/>\n\t\t<p class=\"mphb-check-in-date-wrapper\">\n\t\t\t<label for=\"mphb_check_in_date-69f1a79ee60f1\">\n\t\t\t\tCheck-in Date\t\t\t\t<abbr title=\"Formatted as dd\/mm\/yyyy\">*<\/abbr>\n\t\t\t<\/label>\n\t\t\t<br \/>\n\t\t\t<input id=\"mphb_check_in_date-69f1a79ee60f1\" type=\"text\" class=\"mphb-datepick\" value=\"\" required=\"required\" autocomplete=\"off\" placeholder=\"Check-in Date\" inputmode=\"none\" \/>\n\t\t\t<input id=\"mphb_check_in_date-69f1a79ee60f1-hidden\" type=\"hidden\" name=\"mphb_check_in_date\" value=\"\" \/>\n\t\t<\/p>\n\t\t<p class=\"mphb-check-out-date-wrapper\">\n\t\t\t<label for=\"mphb_check_out_date-69f1a79ee60f1\">\n\t\t\t\tCheck-out Date\t\t\t\t<abbr title=\"Formatted as dd\/mm\/yyyy\">*<\/abbr>\n\t\t\t<\/label>\n\t\t\t<br \/>\n\t\t\t<input id=\"mphb_check_out_date-69f1a79ee60f1\" type=\"text\" class=\"mphb-datepick\" value=\"\" required=\"required\" autocomplete=\"off\" placeholder=\"Check-out Date\" inputmode=\"none\" \/>\n\t\t\t<input id=\"mphb_check_out_date-69f1a79ee60f1-hidden\" type=\"hidden\" name=\"mphb_check_out_date\" value=\"\" \/>\n\t\t<\/p>\n\t\t\n\t\t\t\n\t\t\t\t<p class=\"mphb-adults-wrapper mphb-capacity-wrapper\">\n\t\t\t\t\t<label for=\"mphb_adults-69f1a79ee60f1\">\n\t\t\t\t\t\tAdults\t\t\t\t\t<\/label>\n\t\t\t\t\t<br \/>\n\t\t\t\t\t<select id=\"mphb_adults-69f1a79ee60f1\" name=\"mphb_adults\">\n\n\t\t\t\t\t\t\n\t\t\t\t\t\t\t<option value=\"1\" >1<\/option>\n\t\t\t\t\t\t\n\t\t\t\t\t\t\n\t\t\t\t\t\t\t<option value=\"2\" >2<\/option>\n\t\t\t\t\t\t\n\t\t\t\t\t\t\n\t\t\t\t\t\t\t<option value=\"3\" >3<\/option>\n\t\t\t\t\t\t\n\t\t\t\t\t\t\n\t\t\t\t\t\t\t<option value=\"4\" >4<\/option>\n\t\t\t\t\t\t\n\t\t\t\t\t\t\n\t\t\t\t\t\t\t<option value=\"5\" >5<\/option>\n\t\t\t\t\t\t\n\t\t\t\t\t\t\n\t\t\t\t\t\t\t<option value=\"6\" >6<\/option>\n\t\t\t\t\t\t\n\t\t\t\t\t\t\n\t\t\t\t\t\t\t<option value=\"7\" >7<\/option>\n\t\t\t\t\t\t\n\t\t\t\t\t\t\n\t\t\t\t\t\t\t<option value=\"8\" >8<\/option>\n\t\t\t\t\t\t\n\t\t\t\t\t\t\t\t\t\t\t<\/select>\n\t\t\t\t<\/p>\n\t\t\t\n\t\t\t\n\t\t\t\t<p class=\"mphb-children-wrapper mphb-capacity-wrapper\">\n\t\t\t\t\t<label for=\"mphb_children-69f1a79ee60f1\">\n\t\t\t\t\t\tChildren \t\t\t\t\t<\/label>\n\t\t\t\t\t<br \/>\n\n\t\t\t\t\t\t\t\t\t\t<select id=\"mphb_children-69f1a79ee60f1\" name=\"mphb_children\" >\n\n\t\t\t\t\t\t\n\t\t\t\t\t\t\t<option value=\"0\" >0<\/option>\n\n\t\t\t\t\t\t\n\t\t\t\t\t\t\t<option value=\"1\" >1<\/option>\n\n\t\t\t\t\t\t\n\t\t\t\t\t\t\t<option value=\"2\" >2<\/option>\n\n\t\t\t\t\t\t\n\t\t\t\t\t\t\t<option value=\"3\" >3<\/option>\n\n\t\t\t\t\t\t\n\t\t\t\t\t\t\t<option value=\"4\" >4<\/option>\n\n\t\t\t\t\t\t\n\t\t\t\t\t\t\t<option value=\"5\" >5<\/option>\n\n\t\t\t\t\t\t\t\t\t\t\t<\/select>\n\n\t\t\t\t<\/p>\n\t\t\t\t\t\t\t\n\t\t<div class=\"mphb-errors-wrapper mphb-hide\"><\/div>\n\t\t<p class=\"mphb-reserve-btn-wrapper\">\n\t\t\t<input class=\"mphb-reserve-btn button\" type=\"submit\" value=\"Check Availability\" \/>\n\t\t<\/p>\n\t<\/form>\n\t<\/div>\t\t\t\t<\/div>\n\t\t\t\t<\/div>\n\t\t\t\t<div class=\"elementor-element elementor-element-3ab2d15 exad-sticky-section-no exad-glass-effect-no elementor-widget elementor-widget-mphbe-availability-calendar\" data-id=\"3ab2d15\" data-element_type=\"widget\" data-e-type=\"widget\" data-widget_type=\"mphbe-availability-calendar.default\">\n\t\t\t\t<div class=\"elementor-widget-container\">\n\t\t\t\t\t<div class=\"mphb_sc_availability_calendar-wrapper\">\t<div class=\"mphb-calendar mphb-datepick inlinePicker \" data-room-type-id=\"1543\" data-monthstoshow=\"2\" data-is_show_prices=\"1\" data-is_truncate_prices=\"1\" data-is_show_prices_currency=\"1\" data-first_available_check_in_date=\"2026-05-01\"><\/div>\n\t<\/div>\t\t\t\t<\/div>\n\t\t\t\t<\/div>\n\t\t\t\t\t<\/div>\n\t\t<\/div>\n\t\t\t\t\t<\/div>\n\t\t<\/section>\n\t\t\t\t\t<\/div>\n\t\t<\/div>\n\t\t\t\t\t<\/div>\n\t\t<\/section>\n\t\t\t\t<section class=\"elementor-section elementor-top-section elementor-element elementor-element-4ba3746 elementor-section-content-middle elementor-section-stretched elementor-section-boxed elementor-section-height-default elementor-section-height-default exad-glass-effect-no exad-sticky-section-no\" data-id=\"4ba3746\" data-element_type=\"section\" data-e-type=\"section\" data-settings=\"{&quot;stretch_section&quot;:&quot;section-stretched&quot;,&quot;background_background&quot;:&quot;classic&quot;}\">\n\t\t\t\t\t\t\t<div class=\"elementor-background-overlay\"><\/div>\n\t\t\t\t\t\t\t<div class=\"elementor-container elementor-column-gap-no\">\n\t\t\t\t\t<div class=\"elementor-column elementor-col-100 elementor-top-column elementor-element elementor-element-d52e0db exad-glass-effect-no exad-sticky-section-no\" data-id=\"d52e0db\" data-element_type=\"column\" data-e-type=\"column\">\n\t\t\t<div class=\"elementor-widget-wrap elementor-element-populated\">\n\t\t\t\t\t\t<div class=\"elementor-element elementor-element-2c8aac2 exad-sticky-section-no exad-glass-effect-no elementor-widget elementor-widget-heading\" data-id=\"2c8aac2\" data-element_type=\"widget\" data-e-type=\"widget\" data-widget_type=\"heading.default\">\n\t\t\t\t\t<div class=\"elementor-heading-title elementor-size-default\">Ce qui nous distingue :\n\n<\/div>\t\t\t\t<\/div>\n\t\t\t\t<div class=\"elementor-element elementor-element-8583d91 exad-sticky-section-no exad-glass-effect-no elementor-widget elementor-widget-ucaddon_blox_line_diamond_seperator\" data-id=\"8583d91\" data-element_type=\"widget\" data-e-type=\"widget\" data-widget_type=\"ucaddon_blox_line_diamond_seperator.default\">\n\t\t\t\t<div class=\"elementor-widget-container\">\n\t\t\t\t\t\n<!-- start Line Diamond Separator -->\n<style>\/* widget: Line Diamond Separator *\/\n\ndiv.sep_diamond {\ncontent: \"\";\nheight: 10px;\nleft: 50%;\nmargin: -5px auto auto -5px;\nposition: absolute;\ntransform: rotate(-45deg);\nwidth: 10px;\n}\ndiv.separator {\nborder-top:1px solid;\nclear: both;\ndisplay:inline-block;\nposition:relative;\n}\n\n<\/style>\n\n<div style=\"text-align:center;\">\n <div class=\"separator\" style=\"border-color:#111316;width:100px;\">\n  <div class=\"sep_diamond\" style=\"background-color:#111316;\"><\/div>\n <\/div>\n<\/div>\n<!-- end Line Diamond Separator -->\t\t\t\t<\/div>\n\t\t\t\t<\/div>\n\t\t\t\t<section class=\"elementor-section elementor-inner-section elementor-element elementor-element-5df0105 elementor-section-boxed elementor-section-height-default elementor-section-height-default exad-glass-effect-no exad-sticky-section-no\" data-id=\"5df0105\" data-element_type=\"section\" data-e-type=\"section\">\n\t\t\t\t\t\t<div class=\"elementor-container elementor-column-gap-default\">\n\t\t\t\t\t<div class=\"elementor-column elementor-col-50 elementor-inner-column elementor-element elementor-element-5a2001e exad-glass-effect-no exad-sticky-section-no\" data-id=\"5a2001e\" data-element_type=\"column\" data-e-type=\"column\">\n\t\t\t<div class=\"elementor-widget-wrap elementor-element-populated\">\n\t\t\t\t\t\t<div class=\"elementor-element elementor-element-13b1b17 elementor-tablet-align-start elementor-icon-list--layout-traditional elementor-list-item-link-full_width exad-sticky-section-no exad-glass-effect-no elementor-widget elementor-widget-icon-list\" data-id=\"13b1b17\" data-element_type=\"widget\" data-e-type=\"widget\" data-widget_type=\"icon-list.default\">\n\t\t\t\t\t\t\t<ul class=\"elementor-icon-list-items\">\n\t\t\t\t\t\t\t<li class=\"elementor-icon-list-item\">\n\t\t\t\t\t\t\t\t\t\t\t<span class=\"elementor-icon-list-icon\">\n\t\t\t\t\t\t\t<svg aria-hidden=\"true\" class=\"e-font-icon-svg e-fas-thumbs-up\" viewBox=\"0 0 512 512\" xmlns=\"http:\/\/www.w3.org\/2000\/svg\"><path d=\"M104 224H24c-13.255 0-24 10.745-24 24v240c0 13.255 10.745 24 24 24h80c13.255 0 24-10.745 24-24V248c0-13.255-10.745-24-24-24zM64 472c-13.255 0-24-10.745-24-24s10.745-24 24-24 24 10.745 24 24-10.745 24-24 24zM384 81.452c0 42.416-25.97 66.208-33.277 94.548h101.723c33.397 0 59.397 27.746 59.553 58.098.084 17.938-7.546 37.249-19.439 49.197l-.11.11c9.836 23.337 8.237 56.037-9.308 79.469 8.681 25.895-.069 57.704-16.382 74.757 4.298 17.598 2.244 32.575-6.148 44.632C440.202 511.587 389.616 512 346.839 512l-2.845-.001c-48.287-.017-87.806-17.598-119.56-31.725-15.957-7.099-36.821-15.887-52.651-16.178-6.54-.12-11.783-5.457-11.783-11.998v-213.77c0-3.2 1.282-6.271 3.558-8.521 39.614-39.144 56.648-80.587 89.117-113.111 14.804-14.832 20.188-37.236 25.393-58.902C282.515 39.293 291.817 0 312 0c24 0 72 8 72 81.452z\"><\/path><\/svg>\t\t\t\t\t\t<\/span>\n\t\t\t\t\t\t\t\t\t\t<span class=\"elementor-icon-list-text\">A votre \u00e9coute pour vous satisfaire, mais discrets<\/span>\n\t\t\t\t\t\t\t\t\t<\/li>\n\t\t\t\t\t\t\t\t<li class=\"elementor-icon-list-item\">\n\t\t\t\t\t\t\t\t\t\t\t<span class=\"elementor-icon-list-icon\">\n\t\t\t\t\t\t\t<i aria-hidden=\"true\" class=\"remixicon ri-home-wifi-line\"><\/i>\t\t\t\t\t\t<\/span>\n\t\t\t\t\t\t\t\t\t\t<span class=\"elementor-icon-list-text\">Lits faits \u00e0 votre arriv\u00e9e, linges de lits, serviettes de toilette et piscine inclus, grande propret\u00e9, m\u00e9nage de fin de s\u00e9jour inclus, WiFi inclus<\/span>\n\t\t\t\t\t\t\t\t\t<\/li>\n\t\t\t\t\t\t\t\t<li class=\"elementor-icon-list-item\">\n\t\t\t\t\t\t\t\t\t\t\t<span class=\"elementor-icon-list-icon\">\n\t\t\t\t\t\t\t<i aria-hidden=\"true\" class=\"remixicon ri-sun-fill\"><\/i>\t\t\t\t\t\t<\/span>\n\t\t\t\t\t\t\t\t\t\t<span class=\"elementor-icon-list-text\">Soleil plus de 300 jours par an<\/span>\n\t\t\t\t\t\t\t\t\t<\/li>\n\t\t\t\t\t\t\t\t<li class=\"elementor-icon-list-item\">\n\t\t\t\t\t\t\t\t\t\t\t<span class=\"elementor-icon-list-icon\">\n\t\t\t\t\t\t\t<svg aria-hidden=\"true\" class=\"e-font-icon-svg e-fas-umbrella-beach\" viewBox=\"0 0 640 512\" xmlns=\"http:\/\/www.w3.org\/2000\/svg\"><path d=\"M115.38 136.9l102.11 37.18c35.19-81.54 86.21-144.29 139-173.7-95.88-4.89-188.78 36.96-248.53 111.8-6.69 8.4-2.66 21.05 7.42 24.72zm132.25 48.16l238.48 86.83c35.76-121.38 18.7-231.66-42.63-253.98-7.4-2.7-15.13-4-23.09-4-58.02.01-128.27 69.17-172.76 171.15zM521.48 60.5c6.22 16.3 10.83 34.6 13.2 55.19 5.74 49.89-1.42 108.23-18.95 166.98l102.62 37.36c10.09 3.67 21.31-3.43 21.57-14.17 2.32-95.69-41.91-187.44-118.44-245.36zM560 447.98H321.06L386 269.5l-60.14-21.9-72.9 200.37H16c-8.84 0-16 7.16-16 16.01v32.01C0 504.83 7.16 512 16 512h544c8.84 0 16-7.17 16-16.01v-32.01c0-8.84-7.16-16-16-16z\"><\/path><\/svg>\t\t\t\t\t\t<\/span>\n\t\t\t\t\t\t\t\t\t\t<span class=\"elementor-icon-list-text\">Belle vue mer<\/span>\n\t\t\t\t\t\t\t\t\t<\/li>\n\t\t\t\t\t\t\t\t<li class=\"elementor-icon-list-item\">\n\t\t\t\t\t\t\t\t\t\t\t<span class=\"elementor-icon-list-icon\">\n\t\t\t\t\t\t\t<svg aria-hidden=\"true\" class=\"e-font-icon-svg e-fas-swimming-pool\" viewBox=\"0 0 640 512\" xmlns=\"http:\/\/www.w3.org\/2000\/svg\"><path d=\"M624 416h-16c-26.04 0-45.8-8.42-56.09-17.9-8.9-8.21-19.66-14.1-31.77-14.1h-16.3c-12.11 0-22.87 5.89-31.77 14.1C461.8 407.58 442.04 416 416 416s-45.8-8.42-56.09-17.9c-8.9-8.21-19.66-14.1-31.77-14.1h-16.3c-12.11 0-22.87 5.89-31.77 14.1C269.8 407.58 250.04 416 224 416s-45.8-8.42-56.09-17.9c-8.9-8.21-19.66-14.1-31.77-14.1h-16.3c-12.11 0-22.87 5.89-31.77 14.1C77.8 407.58 58.04 416 32 416H16c-8.84 0-16 7.16-16 16v32c0 8.84 7.16 16 16 16h16c38.62 0 72.72-12.19 96-31.84 23.28 19.66 57.38 31.84 96 31.84s72.72-12.19 96-31.84c23.28 19.66 57.38 31.84 96 31.84s72.72-12.19 96-31.84c23.28 19.66 57.38 31.84 96 31.84h16c8.84 0 16-7.16 16-16v-32c0-8.84-7.16-16-16-16zm-400-32v-96h192v96c19.12 0 30.86-6.16 34.39-9.42 9.17-8.46 19.2-14.34 29.61-18.07V128c0-17.64 14.36-32 32-32s32 14.36 32 32v16c0 8.84 7.16 16 16 16h32c8.84 0 16-7.16 16-16v-16c0-52.94-43.06-96-96-96s-96 43.06-96 96v96H224v-96c0-17.64 14.36-32 32-32s32 14.36 32 32v16c0 8.84 7.16 16 16 16h32c8.84 0 16-7.16 16-16v-16c0-52.94-43.06-96-96-96s-96 43.06-96 96v228.5c10.41 3.73 20.44 9.62 29.61 18.07 3.53 3.27 15.27 9.43 34.39 9.43z\"><\/path><\/svg>\t\t\t\t\t\t<\/span>\n\t\t\t\t\t\t\t\t\t\t<span class=\"elementor-icon-list-text\">Piscine \u00e0 d\u00e9bordement pouvant \u00eatre chauff\u00e9e de 17mx4m, pour vous seuls<\/span>\n\t\t\t\t\t\t\t\t\t<\/li>\n\t\t\t\t\t\t\t\t<li class=\"elementor-icon-list-item\">\n\t\t\t\t\t\t\t\t\t\t\t<span class=\"elementor-icon-list-icon\">\n\t\t\t\t\t\t\t<i aria-hidden=\"true\" class=\"remixicon ri-star-smile-fill\"><\/i>\t\t\t\t\t\t<\/span>\n\t\t\t\t\t\t\t\t\t\t<span class=\"elementor-icon-list-text\">Confort 5 \u00e9toiles de l\u2019appartement, Climatisation dans toutes les pi\u00e8ces<\/span>\n\t\t\t\t\t\t\t\t\t<\/li>\n\t\t\t\t\t\t<\/ul>\n\t\t\t\t\t\t<\/div>\n\t\t\t\t\t<\/div>\n\t\t<\/div>\n\t\t\t\t<div class=\"elementor-column elementor-col-50 elementor-inner-column elementor-element elementor-element-b169715 exad-glass-effect-no exad-sticky-section-no\" data-id=\"b169715\" data-element_type=\"column\" data-e-type=\"column\">\n\t\t\t<div class=\"elementor-widget-wrap elementor-element-populated\">\n\t\t\t\t\t\t<div class=\"elementor-element elementor-element-a37b864 elementor-tablet-align-start elementor-icon-list--layout-traditional elementor-list-item-link-full_width exad-sticky-section-no exad-glass-effect-no elementor-widget elementor-widget-icon-list\" data-id=\"a37b864\" data-element_type=\"widget\" data-e-type=\"widget\" data-widget_type=\"icon-list.default\">\n\t\t\t\t\t\t\t<ul class=\"elementor-icon-list-items\">\n\t\t\t\t\t\t\t<li class=\"elementor-icon-list-item\">\n\t\t\t\t\t\t\t\t\t\t\t<span class=\"elementor-icon-list-icon\">\n\t\t\t\t\t\t\t<i aria-hidden=\"true\" class=\"icon icon-Safe-house\"><\/i>\t\t\t\t\t\t<\/span>\n\t\t\t\t\t\t\t\t\t\t<span class=\"elementor-icon-list-text\">Equipements de confort et techniques haut de gamme, Chargeur v\u00e9hicule \u00e9lectrique<\/span>\n\t\t\t\t\t\t\t\t\t<\/li>\n\t\t\t\t\t\t\t\t<li class=\"elementor-icon-list-item\">\n\t\t\t\t\t\t\t\t\t\t\t<span class=\"elementor-icon-list-icon\">\n\t\t\t\t\t\t\t<i aria-hidden=\"true\" class=\"remixicon ri-quill-pen-fill\"><\/i>\t\t\t\t\t\t<\/span>\n\t\t\t\t\t\t\t\t\t\t<span class=\"elementor-icon-list-text\">Calme<\/span>\n\t\t\t\t\t\t\t\t\t<\/li>\n\t\t\t\t\t\t\t\t<li class=\"elementor-icon-list-item\">\n\t\t\t\t\t\t\t\t\t\t\t<span class=\"elementor-icon-list-icon\">\n\t\t\t\t\t\t\t<i aria-hidden=\"true\" class=\"icon icon-support\"><\/i>\t\t\t\t\t\t<\/span>\n\t\t\t\t\t\t\t\t\t\t<span class=\"elementor-icon-list-text\"> Assistance pour organiser votre s\u00e9jour ou pour votre recherche d\u2019activit\u00e9s<\/span>\n\t\t\t\t\t\t\t\t\t<\/li>\n\t\t\t\t\t\t\t\t<li class=\"elementor-icon-list-item\">\n\t\t\t\t\t\t\t\t\t\t\t<span class=\"elementor-icon-list-icon\">\n\t\t\t\t\t\t\t<svg aria-hidden=\"true\" class=\"e-font-icon-svg e-fas-euro-sign\" viewBox=\"0 0 320 512\" xmlns=\"http:\/\/www.w3.org\/2000\/svg\"><path d=\"M310.706 413.765c-1.314-6.63-7.835-10.872-14.424-9.369-10.692 2.439-27.422 5.413-45.426 5.413-56.763 0-101.929-34.79-121.461-85.449h113.689a12 12 0 0 0 11.708-9.369l6.373-28.36c1.686-7.502-4.019-14.631-11.708-14.631H115.22c-1.21-14.328-1.414-28.287.137-42.245H261.95a12 12 0 0 0 11.723-9.434l6.512-29.755c1.638-7.484-4.061-14.566-11.723-14.566H130.184c20.633-44.991 62.69-75.03 117.619-75.03 14.486 0 28.564 2.25 37.851 4.145 6.216 1.268 12.347-2.498 14.002-8.623l11.991-44.368c1.822-6.741-2.465-13.616-9.326-14.917C290.217 34.912 270.71 32 249.635 32 152.451 32 74.03 92.252 45.075 176H12c-6.627 0-12 5.373-12 12v29.755c0 6.627 5.373 12 12 12h21.569c-1.009 13.607-1.181 29.287-.181 42.245H12c-6.627 0-12 5.373-12 12v28.36c0 6.627 5.373 12 12 12h30.114C67.139 414.692 145.264 480 249.635 480c26.301 0 48.562-4.544 61.101-7.788 6.167-1.595 10.027-7.708 8.788-13.957l-8.818-44.49z\"><\/path><\/svg>\t\t\t\t\t\t<\/span>\n\t\t\t\t\t\t\t\t\t\t<span class=\"elementor-icon-list-text\">Meilleur tarif garanti du Web<\/span>\n\t\t\t\t\t\t\t\t\t<\/li>\n\t\t\t\t\t\t\t\t<li class=\"elementor-icon-list-item\">\n\t\t\t\t\t\t\t\t\t\t\t<span class=\"elementor-icon-list-icon\">\n\t\t\t\t\t\t\t<i aria-hidden=\"true\" class=\"remixicon ri-price-tag-2-line\"><\/i>\t\t\t\t\t\t<\/span>\n\t\t\t\t\t\t\t\t\t\t<span class=\"elementor-icon-list-text\">Prestations \u00ab Tout compris \u00bb, sans frais ou commissions<\/span>\n\t\t\t\t\t\t\t\t\t<\/li>\n\t\t\t\t\t\t\t\t<li class=\"elementor-icon-list-item\">\n\t\t\t\t\t\t\t\t\t\t\t<span class=\"elementor-icon-list-icon\">\n\t\t\t\t\t\t\t<i aria-hidden=\"true\" class=\"icon icon-chat\"><\/i>\t\t\t\t\t\t<\/span>\n\t\t\t\t\t\t\t\t\t\t<span class=\"elementor-icon-list-text\">T\u00e9moignages \u00e9logieux v\u00e9rifiables sur Abritel et Booking ou sur France-voyages.com<\/span>\n\t\t\t\t\t\t\t\t\t<\/li>\n\t\t\t\t\t\t<\/ul>\n\t\t\t\t\t\t<\/div>\n\t\t\t\t\t<\/div>\n\t\t<\/div>\n\t\t\t\t\t<\/div>\n\t\t<\/section>\n\t\t\t\t\t<\/div>\n\t\t<\/div>\n\t\t\t\t\t<\/div>\n\t\t<\/section>\n\t\t\t\t<\/div>\n\t\t\t\t\t\t<\/div>\n\t\t\t\t<div class=\"elementor-element elementor-element-d6f7ecf exad-sticky-section-no exad-glass-effect-no elementor-widget elementor-widget-post-info\" data-id=\"d6f7ecf\" data-element_type=\"widget\" data-e-type=\"widget\" data-widget_type=\"post-info.default\">\n\t\t\t\t\t\t\t<ul class=\"elementor-inline-items elementor-icon-list-items elementor-post-info\">\n\t\t\t\t\t\t\t\t<li class=\"elementor-icon-list-item elementor-repeater-item-c3edc4a elementor-inline-item\" itemprop=\"datePublished\">\n\t\t\t\t\t\t<a href=\"https:\/\/regard-sur-mer.com\/en\/2025\/12\/03\/\">\n\t\t\t\t\t\t\t\t\t\t\t<span class=\"elementor-icon-list-icon\">\n\t\t\t\t\t\t\t\t<svg aria-hidden=\"true\" class=\"e-font-icon-svg e-fas-calendar\" viewBox=\"0 0 448 512\" xmlns=\"http:\/\/www.w3.org\/2000\/svg\"><path d=\"M12 192h424c6.6 0 12 5.4 12 12v260c0 26.5-21.5 48-48 48H48c-26.5 0-48-21.5-48-48V204c0-6.6 5.4-12 12-12zm436-44v-36c0-26.5-21.5-48-48-48h-48V12c0-6.6-5.4-12-12-12h-40c-6.6 0-12 5.4-12 12v52H160V12c0-6.6-5.4-12-12-12h-40c-6.6 0-12 5.4-12 12v52H48C21.5 64 0 85.5 0 112v36c0 6.6 5.4 12 12 12h424c6.6 0 12-5.4 12-12z\"><\/path><\/svg>\t\t\t\t\t\t\t<\/span>\n\t\t\t\t\t\t\t\t\t<span class=\"elementor-icon-list-text elementor-post-info__item elementor-post-info__item--type-date\">\n\t\t\t\t\t\t\t\t\t\t<time>December 3, 2025<\/time>\t\t\t\t\t<\/span>\n\t\t\t\t\t\t\t\t\t<\/a>\n\t\t\t\t<\/li>\n\t\t\t\t<li class=\"elementor-icon-list-item elementor-repeater-item-f02aa6a elementor-inline-item\">\n\t\t\t\t\t\t\t\t\t\t<span class=\"elementor-icon-list-icon\">\n\t\t\t\t\t\t\t\t<svg aria-hidden=\"true\" class=\"e-font-icon-svg e-far-clock\" viewBox=\"0 0 512 512\" xmlns=\"http:\/\/www.w3.org\/2000\/svg\"><path d=\"M256 8C119 8 8 119 8 256s111 248 248 248 248-111 248-248S393 8 256 8zm0 448c-110.5 0-200-89.5-200-200S145.5 56 256 56s200 89.5 200 200-89.5 200-200 200zm61.8-104.4l-84.9-61.7c-3.1-2.3-4.9-5.9-4.9-9.7V116c0-6.6 5.4-12 12-12h32c6.6 0 12 5.4 12 12v141.7l66.8 48.6c5.4 3.9 6.5 11.4 2.6 16.8L334.6 349c-3.9 5.3-11.4 6.5-16.8 2.6z\"><\/path><\/svg>\t\t\t\t\t\t\t<\/span>\n\t\t\t\t\t\t\t\t\t<span class=\"elementor-icon-list-text elementor-post-info__item elementor-post-info__item--type-time\">\n\t\t\t\t\t\t\t\t\t\t<time>3:06 pm<\/time>\t\t\t\t\t<\/span>\n\t\t\t\t\t\t\t\t<\/li>\n\t\t\t\t<\/ul>\n\t\t\t\t\t\t<\/div>\n\t\t\t\t<div class=\"elementor-element elementor-element-537e3a1 exad-sticky-section-no exad-glass-effect-no elementor-widget elementor-widget-text-editor\" data-id=\"537e3a1\" data-element_type=\"widget\" data-e-type=\"widget\" data-widget_type=\"text-editor.default\">\n\t\t\t\t\t\t\t\t\t<a href=\"https:\/\/regard-sur-mer.com\/en\/accommodation-facility\/climatisation\/\" rel=\"tag\">Climatisation<\/a>, <a href=\"https:\/\/regard-sur-mer.com\/en\/accommodation-facility\/jardin\/\" rel=\"tag\">Jardin<\/a>, <a href=\"https:\/\/regard-sur-mer.com\/en\/accommodation-facility\/micro-ondes\/\" rel=\"tag\">Micro-ondes<\/a>, <a href=\"https:\/\/regard-sur-mer.com\/en\/accommodation-facility\/parking-privatif\/\" rel=\"tag\">Parking privatif<\/a>, <a href=\"https:\/\/regard-sur-mer.com\/en\/accommodation-facility\/piscine\/\" rel=\"tag\">Piscine<\/a>, <a href=\"https:\/\/regard-sur-mer.com\/en\/accommodation-facility\/tv\/\" rel=\"tag\">TV<\/a>, <a href=\"https:\/\/regard-sur-mer.com\/en\/accommodation-facility\/wifi\/\" rel=\"tag\">WIFI gratuit<\/a>\t\t\t\t\t\t\t\t<\/div>\n\t\t\t\t<div class=\"elementor-element elementor-element-3879ec7 exad-sticky-section-no exad-glass-effect-no elementor-widget elementor-widget-text-editor\" data-id=\"3879ec7\" data-element_type=\"widget\" data-e-type=\"widget\" data-widget_type=\"text-editor.default\">\n\t\t\t\t\t\t\t\t\t<a href=\"https:\/\/regard-sur-mer.com\/en\/accommodation-category\/appartement\/\" rel=\"tag\">Appartement<\/a>\t\t\t\t\t\t\t\t<\/div>\n\t\t\t\t\t<\/div>\n\t\t\t\t<\/div>\n\t\t\t\t<\/div>\n\t\t\t\t<\/div>\n\t\t\n\t\t\t\t\t\t<\/div>\n\t\t\t\t<\/div>\n\t\t\t\t\t<\/div>\n\t\t\t\t<\/div>\n\t\t\t\t<\/div>\n\t\t","protected":false},"excerpt":{"rendered":"<p>Ajoutez votre titre ici<\/p>","protected":false},"author":4,"featured_media":0,"parent":0,"menu_order":0,"comment_status":"closed","ping_status":"closed","template":"page-templates\/template-pagebuilder-full-width.php","meta":{"footnotes":""},"class_list":["post-1774","page","type-page","status-publish","hentry"],"aioseo_notices":[],"_links":{"self":[{"href":"https:\/\/regard-sur-mer.com\/en\/wp-json\/wp\/v2\/pages\/1774","targetHints":{"allow":["GET"]}}],"collection":[{"href":"https:\/\/regard-sur-mer.com\/en\/wp-json\/wp\/v2\/pages"}],"about":[{"href":"https:\/\/regard-sur-mer.com\/en\/wp-json\/wp\/v2\/types\/page"}],"author":[{"embeddable":true,"href":"https:\/\/regard-sur-mer.com\/en\/wp-json\/wp\/v2\/users\/4"}],"replies":[{"embeddable":true,"href":"https:\/\/regard-sur-mer.com\/en\/wp-json\/wp\/v2\/comments?post=1774"}],"version-history":[{"count":31,"href":"https:\/\/regard-sur-mer.com\/en\/wp-json\/wp\/v2\/pages\/1774\/revisions"}],"predecessor-version":[{"id":1816,"href":"https:\/\/regard-sur-mer.com\/en\/wp-json\/wp\/v2\/pages\/1774\/revisions\/1816"}],"wp:attachment":[{"href":"https:\/\/regard-sur-mer.com\/en\/wp-json\/wp\/v2\/media?parent=1774"}],"curies":[{"name":"wp","href":"https:\/\/api.w.org\/{rel}","templated":true}]}}